{"id":83916,"date":"2022-08-26T10:49:07","date_gmt":"2022-08-26T08:49:07","guid":{"rendered":"https:\/\/www.isaitaly.com\/?page_id=83916"},"modified":"2022-09-15T16:43:57","modified_gmt":"2022-09-15T14:43:57","slug":"ventilazione-vetrine-gelato-plus","status":"publish","type":"page","link":"https:\/\/www.isaitaly.com\/it\/ventilazione-vetrine-gelato-plus\/","title":{"rendered":"Ventilazione Plus"},"content":{"rendered":"<p>[et_pb_section fb_built=&#8221;1&#8243; _builder_version=&#8221;4.17.6&#8243; global_colors_info=&#8221;{}&#8221;][et_pb_row _builder_version=&#8221;4.17.6&#8243; global_colors_info=&#8221;{}&#8221;][et_pb_column type=&#8221;4_4&#8243; _builder_version=&#8221;4.16&#8243; global_colors_info=&#8221;{}&#8221;][et_pb_isa_prodotto_titolo title=&#8221;Plus \u2027 Plus 1 \u2027 Plus 2&#8243; subtitle=&#8221;Tre differenti tipologie di ventilazione&#8221; _builder_version=&#8221;4.18.0&#8243; global_colors_info=&#8221;{}&#8221;][\/et_pb_isa_prodotto_titolo][et_pb_isa_prodotto_immagine image=&#8221;https:\/\/www.isaitaly.com\/wp-content\/uploads\/2018\/09\/isa-supercapri-imm-principale.jpg&#8221; altimage=&#8221;Millennium&#8221; _builder_version=&#8221;4.6.3&#8243; global_colors_info=&#8221;{}&#8221;][\/et_pb_isa_prodotto_immagine][\/et_pb_column][\/et_pb_row][et_pb_row use_custom_gutter=&#8221;on&#8221; gutter_width=&#8221;1&#8243; _builder_version=&#8221;4.17.6&#8243; width=&#8221;100%&#8221; custom_padding=&#8221;20px||||false|false&#8221; global_colors_info=&#8221;{}&#8221;][et_pb_column type=&#8221;4_4&#8243; _builder_version=&#8221;4.16&#8243; global_colors_info=&#8221;{}&#8221;][et_pb_isa_prodotto_box_doppio imagesx=&#8221;https:\/\/www.isaitaly.com\/wp-content\/uploads\/2018\/09\/isa-supercapri-box-doppio-1.jpg&#8221; descdx=&#8221;<\/p>\n<h2>Controllo totale delle prestazioni del freddo<\/h2>\n<\/p>\n<p>ISA \u00e8 la prima ed unica azienda al mondo ad offrire tre differenti tipologie di ventilazione su un\u2019intera gamma di vetrine professionali finalizzate ad incontrare e soddisfare le esigenze espositive di ogni gelatiere.<\/p>\n<p><img class=%22alignnone wp-image-23336 %22 src=%22https:\/\/www.isaitaly.com\/wp-content\/uploads\/2018\/09\/plus-2.jpg%22 alt=%22%22 width=%22293%22 height=%22101%22 \/><\/p>\n<\/p>\n<p>&#8221; textbigdx=&#8221;on&#8221; spaziaturadx=&#8221;Piccola&#8221; _builder_version=&#8221;4.18.0&#8243; global_colors_info=&#8221;{}&#8221;][\/et_pb_isa_prodotto_box_doppio][\/et_pb_column][\/et_pb_row][et_pb_row use_custom_gutter=&#8221;on&#8221; gutter_width=&#8221;1&#8243; _builder_version=&#8221;4.18.0&#8243; _module_preset=&#8221;default&#8221; width=&#8221;100%&#8221; global_colors_info=&#8221;{}&#8221;][et_pb_column type=&#8221;4_4&#8243; _builder_version=&#8221;4.16&#8243; _module_preset=&#8221;default&#8221; global_colors_info=&#8221;{}&#8221;][et_pb_isa_prodotto_testo selection=&#8221;H2&#8243; selectionsub=&#8221;H3&#8243; desc=&#8221;<\/p>\n<p style=%22text-align: center; font-size: 50px;%22>Plus<\/p>\n<p style=%22text-align: center; font-size: 30px; line-height: 40px;%22>Singolo evaporatore con doppia mandata d\u2019aria a flusso anteriore.<\/p>\n<p>&#8221; admin_label=&#8221;ISA Prodotto Testo &#8211; PLUS&#8221; _builder_version=&#8221;4.18.0&#8243; _module_preset=&#8221;default&#8221; global_colors_info=&#8221;{}&#8221;][\/et_pb_isa_prodotto_testo][\/et_pb_column][\/et_pb_row][et_pb_row use_custom_gutter=&#8221;on&#8221; gutter_width=&#8221;1&#8243; _builder_version=&#8221;4.17.6&#8243; _module_preset=&#8221;default&#8221; width=&#8221;100%&#8221; global_colors_info=&#8221;{}&#8221;][et_pb_column type=&#8221;4_4&#8243; _builder_version=&#8221;4.16&#8243; _module_preset=&#8221;default&#8221; global_colors_info=&#8221;{}&#8221;][et_pb_isa_prodotto_box_doppio imagesx=&#8221;https:\/\/www.isaitaly.com\/wp-content\/uploads\/2018\/09\/ISA-Supercapri-plus-box-1.jpg&#8221; descdx=&#8221;<\/p>\n<p>PLUS \u00e8 la ventilazione storica e distintiva di ISA.<\/p>\n<p>Le vetrine con ventilazione PLUS sono dotate di singolo evaporatore e doppia mandata d\u2019aria, anteriore e centrale, con flusso dal lato del cliente al lato dell\u2019operatore.<\/p>\n<p>Le vaschette sono disposte nella vetrina con un\u2019inclinazione di 11 gradi che permette una migliore visibilit\u00e0 del prodotto esposto e un\u2019ergonomia del servizio ottimale.<\/p>\n<p>Questa ventilazione garantisce una perfetta conservazione del gelato, rendendolo pi\u00f9 solido dal lato cliente e pi\u00f9 spatolabile dal lato operatore. \u00c8 ideale anche per gelati su stecco, monoporzioni e pasticceria fredda.<\/p>\n<p>&#8221; spaziaturadx=&#8221;Piccola&#8221; _builder_version=&#8221;4.17.6&#8243; _module_preset=&#8221;default&#8221; custom_margin=&#8221;|||0px|false|false&#8221; custom_padding=&#8221;||0px||false|false&#8221; global_colors_info=&#8221;{}&#8221;][\/et_pb_isa_prodotto_box_doppio][\/et_pb_column][\/et_pb_row][\/et_pb_section][et_pb_section fb_built=&#8221;1&#8243; _builder_version=&#8221;4.17.6&#8243; _module_preset=&#8221;default&#8221; global_colors_info=&#8221;{}&#8221;][et_pb_row use_custom_gutter=&#8221;on&#8221; gutter_width=&#8221;1&#8243; _builder_version=&#8221;4.17.6&#8243; _module_preset=&#8221;default&#8221; width=&#8221;100%&#8221; custom_margin=&#8221;||||false|false&#8221; custom_padding=&#8221;||||false|false&#8221; global_colors_info=&#8221;{}&#8221;][et_pb_column type=&#8221;4_4&#8243; _builder_version=&#8221;4.16&#8243; _module_preset=&#8221;default&#8221; global_colors_info=&#8221;{}&#8221;][et_pb_isa_prodotto_testo selection=&#8221;H2&#8243; selectionsub=&#8221;H3&#8243; desc=&#8221;<\/p>\n<p style=%22text-align: center; font-size: 50px;%22>Plus 1<\/p>\n<p style=%22text-align: center; font-size: 30px; line-height: 40px;%22>Doppio evaporatore con singola mandata d\u2019aria a flusso posteriore.<\/p>\n<p>&#8221; admin_label=&#8221;ISA Prodotto Testo &#8211; PLUS 1&#8243; _builder_version=&#8221;4.18.0&#8243; _module_preset=&#8221;default&#8221; global_colors_info=&#8221;{}&#8221;][\/et_pb_isa_prodotto_testo][\/et_pb_column][\/et_pb_row][et_pb_row use_custom_gutter=&#8221;on&#8221; gutter_width=&#8221;1&#8243; _builder_version=&#8221;4.17.6&#8243; _module_preset=&#8221;default&#8221; width=&#8221;100%&#8221; custom_margin=&#8221;0px||||false|false&#8221; custom_padding=&#8221;0px||||false|false&#8221; global_colors_info=&#8221;{}&#8221;][et_pb_column type=&#8221;4_4&#8243; _builder_version=&#8221;4.16&#8243; _module_preset=&#8221;default&#8221; global_colors_info=&#8221;{}&#8221;][et_pb_isa_prodotto_box_doppio imagesx=&#8221;https:\/\/www.isaitaly.com\/wp-content\/uploads\/2018\/09\/ISA-Supercapri-plus-1-box-5.jpg&#8221; descdx=&#8221;<\/p>\n<p>Le vetrine con ventilazione PLUS 1 sono dotate di doppio evaporatore e singola mandata d\u2019aria posteriore, con flusso dal lato dell\u2019operatore al lato del cliente.<\/p>\n<p>La mandata di aria singola permette una configurazione con vassoio unico inclinato di 3 gradi per l\u2019esposizione di pasticceria fredda e monoporzioni.<\/p>\n<p>Questa ventilazione, grazie al lancio di aria alto e ai deflettori regolabili, \u00e8 particolarmente consigliata per l\u2019esposizione \u201ca montagna\u201d del gelato ma \u00e8 perfetta anche per i gelati su stecco.<\/p>\n<p><img class=%22wp-image-48002 alignnone size-full%22 src=%22https:\/\/www.isaitaly.com\/wp-content\/uploads\/2018\/09\/grafica-3-2.png%22 alt=%22%22 width=%22390%22 height=%22110%22 \/><\/p>\n<p>&#8221; spaziaturadx=&#8221;Piccola&#8221; admin_label=&#8221;ISA Prodotto Box Doppio &#8211; PLUS 1&#8243; _builder_version=&#8221;4.17.6&#8243; _module_preset=&#8221;default&#8221; custom_padding=&#8221;||0px||false|false&#8221; global_colors_info=&#8221;{}&#8221;][\/et_pb_isa_prodotto_box_doppio][\/et_pb_column][\/et_pb_row][\/et_pb_section][et_pb_section fb_built=&#8221;1&#8243; _builder_version=&#8221;4.17.6&#8243; _module_preset=&#8221;default&#8221; global_colors_info=&#8221;{}&#8221;][et_pb_row use_custom_gutter=&#8221;on&#8221; gutter_width=&#8221;1&#8243; _builder_version=&#8221;4.17.6&#8243; _module_preset=&#8221;default&#8221; width=&#8221;100%&#8221; custom_margin=&#8221;||||false|false&#8221; custom_padding=&#8221;||||false|false&#8221; global_colors_info=&#8221;{}&#8221;][et_pb_column type=&#8221;4_4&#8243; _builder_version=&#8221;4.16&#8243; _module_preset=&#8221;default&#8221; global_colors_info=&#8221;{}&#8221;][et_pb_isa_prodotto_testo selection=&#8221;H2&#8243; selectionsub=&#8221;H3&#8243; desc=&#8221;<\/p>\n<p style=%22text-align: center; font-size: 50px;%22>Plus 2<\/p>\n<p style=%22text-align: center; font-size: 30px; line-height: 40px;%22>Doppio evaporatore con doppia mandata d\u2019aria a flusso posteriore.<\/p>\n<p>&#8221; admin_label=&#8221;ISA Prodotto Testo &#8211; PLUS 2&#8243; _builder_version=&#8221;4.18.0&#8243; _module_preset=&#8221;default&#8221; global_colors_info=&#8221;{}&#8221;][\/et_pb_isa_prodotto_testo][\/et_pb_column][\/et_pb_row][et_pb_row use_custom_gutter=&#8221;on&#8221; gutter_width=&#8221;1&#8243; _builder_version=&#8221;4.17.6&#8243; _module_preset=&#8221;default&#8221; width=&#8221;100%&#8221; custom_margin=&#8221;0px||||false|false&#8221; custom_padding=&#8221;0px||||false|false&#8221; global_colors_info=&#8221;{}&#8221;][et_pb_column type=&#8221;4_4&#8243; _builder_version=&#8221;4.16&#8243; _module_preset=&#8221;default&#8221; global_colors_info=&#8221;{}&#8221;][et_pb_isa_prodotto_box_doppio imagesx=&#8221;https:\/\/www.isaitaly.com\/wp-content\/uploads\/2018\/09\/ISA-Supercapri-plus-2-box-1.jpg&#8221; descdx=&#8221;<\/p>\n<p>Le vetrine con ventilazione PLUS 2 sono dotate di doppio evaporatore e doppia mandata d\u2019aria, posteriore e centrale, con flusso dal lato dell\u2019operatore al lato del cliente.<\/p>\n<p>La combinazione del doppio evaporatore e della doppia mandata d\u2019aria garantisce la perfetta distribuzione del freddo su tutte le vaschette.<\/p>\n<p>Questa tipologia di ventilazione \u00e8 indicata per il gelato con struttura \u201ca montagna\u201d, gli stecchi, le monoporzioni e la pasticceria fredda.<\/p>\n<p><img class=%22wp-image-48002 alignnone size-full%22 src=%22https:\/\/www.isaitaly.com\/wp-content\/uploads\/2018\/09\/grafica-3-2.png%22 alt=%22%22 width=%22390%22 height=%22110%22 \/><\/p>\n<p>&#8221; spaziaturadx=&#8221;Piccola&#8221; admin_label=&#8221;ISA Prodotto Box Doppio &#8211; PLUS 2&#8243; _builder_version=&#8221;4.17.6&#8243; _module_preset=&#8221;default&#8221; custom_margin=&#8221;||-50px||false|false&#8221; custom_padding=&#8221;||0px||false|false&#8221; global_colors_info=&#8221;{}&#8221;][\/et_pb_isa_prodotto_box_doppio][\/et_pb_column][\/et_pb_row][\/et_pb_section][et_pb_section fb_built=&#8221;1&#8243; _builder_version=&#8221;4.17.6&#8243; _module_preset=&#8221;default&#8221; global_colors_info=&#8221;{}&#8221;][et_pb_row _builder_version=&#8221;4.17.6&#8243; _module_preset=&#8221;default&#8221; width=&#8221;100%&#8221; custom_margin=&#8221;0px|15px|||false|false&#8221; custom_padding=&#8221;|15px|||false|false&#8221; global_colors_info=&#8221;{}&#8221;][et_pb_column type=&#8221;4_4&#8243; _builder_version=&#8221;4.16&#8243; _module_preset=&#8221;default&#8221; global_colors_info=&#8221;{}&#8221;][et_pb_isa_prodotto_box_doppio descsx=&#8221;<\/p>\n<h2>Smart desfrosting<\/h2>\n<h4>%22Sbrinamento intelligente%22<\/h4>\n<p>Le configurazioni Plus 1 e Plus 2 hanno un sistema di sbrinamento intelligente assolutamente innovativo. Grazie al funzionamento combinato di due evaporatori si dimezzano i tempi standard di sbrinamento, riducendo al minimo lo shock termico e conservando inalterati l\u2019aspetto e le caratteristiche organolettiche del gelato.<\/p>\n<p>&#8221; spaziaturasx=&#8221;Piccola&#8221; spaziaturadx=&#8221;Piccola&#8221; imagedx=&#8221;https:\/\/www.isaitaly.com\/wp-content\/uploads\/2022\/08\/isa-tabella-plus-1.png&#8221; disabled_on=&#8221;on|on|on&#8221; _builder_version=&#8221;4.17.6&#8243; _module_preset=&#8221;default&#8221; disabled=&#8221;on&#8221; global_colors_info=&#8221;{}&#8221;][\/et_pb_isa_prodotto_box_doppio][et_pb_isa_prodotto_immagine image=&#8221;https:\/\/www.isaitaly.com\/wp-content\/uploads\/2022\/08\/isa-tabella-plus-2.png&#8221; _builder_version=&#8221;4.17.6&#8243; _module_preset=&#8221;default&#8221; global_colors_info=&#8221;{}&#8221;][\/et_pb_isa_prodotto_immagine][et_pb_isa_prodotto_testo title=&#8221;Smart defrosting&#8221; selection=&#8221;H2&#8243; subtitle=&#8221;Sbrinamento intelligente&#8221; selectionsub=&#8221;H3&#8243; desc=&#8221;<\/p>\n<p>Le configurazioni Plus 1 e Plus 2 hanno un sistema di sbrinamento intelligente assolutamente innovativo. Grazie al funzionamento combinato di due evaporatori si dimezzano i tempi standard di sbrinamento, riducendo al minimo lo shock termico e conservando inalterati l\u2019aspetto e le caratteristiche organolettiche del gelato.<\/p>\n<p><img class=%22wp-image-48045 alignnone size-full%22 src=%22https:\/\/www.isaitaly.com\/wp-content\/uploads\/2018\/09\/grafica-4.png%22 alt=%22%22 width=%22390%22 height=%22110%22 \/><\/p>\n<\/p>\n<p>&#8221; disabled_on=&#8221;off|off|off&#8221; _builder_version=&#8221;4.17.6&#8243; _module_preset=&#8221;default&#8221; background_color=&#8221;#FFFFFF&#8221; custom_padding=&#8221;20px||20px||false|false&#8221; global_colors_info=&#8221;{}&#8221;][\/et_pb_isa_prodotto_testo][et_pb_isa_prodotto_testo selection=&#8221;H2&#8243; richiediinfo=&#8221;on&#8221; admin_label=&#8221;Ti interessa&#8221; _builder_version=&#8221;4.17.6&#8243; global_colors_info=&#8221;{}&#8221;][\/et_pb_isa_prodotto_testo][\/et_pb_column][\/et_pb_row][et_pb_row use_custom_gutter=&#8221;on&#8221; gutter_width=&#8221;1&#8243; _builder_version=&#8221;4.17.6&#8243; _module_preset=&#8221;default&#8221; width=&#8221;100%&#8221; global_colors_info=&#8221;{}&#8221;][et_pb_column type=&#8221;4_4&#8243; _builder_version=&#8221;4.17.6&#8243; _module_preset=&#8221;default&#8221; global_colors_info=&#8221;{}&#8221;][et_pb_isa_prodotto_gallery image=&#8221;https:\/\/www.isaitaly.com\/wp-content\/uploads\/2018\/09\/isa-supercapri-ambientata-3.jpg&#8221; disabled_on=&#8221;off|off|off&#8221; admin_label=&#8221;ISA Prodotto Gallery&#8221; _builder_version=&#8221;4.6.3&#8243; _module_preset=&#8221;default&#8221; custom_padding=&#8221;||||false|false&#8221; global_colors_info=&#8221;{}&#8221;][\/et_pb_isa_prodotto_gallery][\/et_pb_column][\/et_pb_row][\/et_pb_section][et_pb_section fb_built=&#8221;1&#8243; disabled_on=&#8221;off|off|off&#8221; _builder_version=&#8221;4.17.6&#8243; background_color=&#8221;#F6F6F6&#8243; custom_margin=&#8221;-70px||0px||false|false&#8221; saved_tabs=&#8221;all&#8221; global_colors_info=&#8221;{}&#8221;][et_pb_row _builder_version=&#8221;4.17.6&#8243; _module_preset=&#8221;default&#8221; global_colors_info=&#8221;{}&#8221;][et_pb_column type=&#8221;4_4&#8243; _builder_version=&#8221;4.17.6&#8243; _module_preset=&#8221;default&#8221; global_colors_info=&#8221;{}&#8221;][et_pb_isa_prodotto_titolo subtitle=&#8221;Gamma prodotti disponibile con ventilazione Plus&#8221; _builder_version=&#8221;4.17.6&#8243; _module_preset=&#8221;default&#8221; global_colors_info=&#8221;{}&#8221;][\/et_pb_isa_prodotto_titolo][\/et_pb_column][\/et_pb_row][et_pb_row column_structure=&#8221;1_3,1_3,1_3&#8243; _builder_version=&#8221;4.17.6&#8243; _module_preset=&#8221;default&#8221; global_colors_info=&#8221;{}&#8221;][et_pb_column type=&#8221;1_3&#8243; _builder_version=&#8221;4.17.6&#8243; _module_preset=&#8221;default&#8221; global_colors_info=&#8221;{}&#8221;][et_pb_blurb title=&#8221;Supercapri&#8221; url=&#8221;https:\/\/www.isaitaly.com\/it\/prodotto\/gelato-pastry\/vetrine-gelato\/supercapri\/&#8221; image=&#8221;https:\/\/www.isaitaly.com\/wp-content\/uploads\/2019\/01\/Supercapri-box-2.jpg&#8221; admin_label=&#8221;Supercapri&#8221; _builder_version=&#8221;4.18.0&#8243; _module_preset=&#8221;default&#8221; header_level=&#8221;h3&#8243; header_font_size=&#8221;24px&#8221; background_color=&#8221;#FFFFFF&#8221; text_orientation=&#8221;center&#8221; link_option_url=&#8221;https:\/\/www.isaitaly.com\/it\/prodotto\/gelato-pastry\/vetrine-gelato\/supercapri\/&#8221; global_colors_info=&#8221;{}&#8221;][\/et_pb_blurb][et_pb_blurb title=&#8221;Diva&#8221; url=&#8221;https:\/\/www.isaitaly.com\/it\/prodotto\/gelato-pastry\/vetrine-gelato\/diva\/&#8221; image=&#8221;https:\/\/www.isaitaly.com\/wp-content\/uploads\/2018\/09\/diva-pasticceria-box-piccolo.jpg&#8221; admin_label=&#8221;Diva&#8221; _builder_version=&#8221;4.18.0&#8243; _module_preset=&#8221;default&#8221; header_level=&#8221;h3&#8243; header_font_size=&#8221;24px&#8221; background_color=&#8221;#FFFFFF&#8221; text_orientation=&#8221;center&#8221; link_option_url=&#8221;https:\/\/www.isaitaly.com\/it\/prodotto\/gelato-pastry\/vetrine-gelato\/diva\/&#8221; global_colors_info=&#8221;{}&#8221;][\/et_pb_blurb][\/et_pb_column][et_pb_column type=&#8221;1_3&#8243; _builder_version=&#8221;4.17.6&#8243; _module_preset=&#8221;default&#8221; global_colors_info=&#8221;{}&#8221;][et_pb_blurb title=&#8221;Pentagram Display&#8221; url=&#8221;https:\/\/www.isaitaly.com\/it\/prodotto\/gelato-pastry\/vetrine-gelato\/pentagram-gelato\/&#8221; image=&#8221;https:\/\/www.isaitaly.com\/wp-content\/uploads\/2021\/10\/pentagram_display-lista.jpg&#8221; admin_label=&#8221;Pentagram&#8221; _builder_version=&#8221;4.18.0&#8243; _module_preset=&#8221;default&#8221; header_level=&#8221;h3&#8243; header_font_size=&#8221;24px&#8221; background_color=&#8221;#FFFFFF&#8221; text_orientation=&#8221;center&#8221; link_option_url=&#8221;https:\/\/www.isaitaly.com\/it\/prodotto\/gelato-pastry\/vetrine-gelato\/pentagram-gelato\/&#8221; global_colors_info=&#8221;{}&#8221;][\/et_pb_blurb][et_pb_blurb title=&#8221;Kaleido&#8221; url=&#8221;https:\/\/www.isaitaly.com\/it\/prodotto\/gelato-pastry\/vetrine-gelato\/kaleido\/&#8221; image=&#8221;https:\/\/www.isaitaly.com\/wp-content\/uploads\/2018\/09\/Kaleido-thumb-1.jpg&#8221; alt=&#8221;Kaleido&#8221; admin_label=&#8221;Diva&#8221; _builder_version=&#8221;4.18.0&#8243; _module_preset=&#8221;default&#8221; header_level=&#8221;h3&#8243; header_font_size=&#8221;24px&#8221; background_color=&#8221;#FFFFFF&#8221; text_orientation=&#8221;center&#8221; link_option_url=&#8221;https:\/\/www.isaitaly.com\/it\/prodotto\/gelato-pastry\/vetrine-gelato\/kaleido\/&#8221; global_colors_info=&#8221;{}&#8221;][\/et_pb_blurb][\/et_pb_column][et_pb_column type=&#8221;1_3&#8243; _builder_version=&#8221;4.17.6&#8243; _module_preset=&#8221;default&#8221; global_colors_info=&#8221;{}&#8221;][et_pb_blurb title=&#8221;Stratos&#8221; url=&#8221;https:\/\/www.isaitaly.com\/it\/prodotto\/gelato-pastry\/vetrine-gelato\/stratos\/&#8221; image=&#8221;https:\/\/www.isaitaly.com\/wp-content\/uploads\/2019\/01\/ISA-Stratos-840&#215;563.jpg&#8221; admin_label=&#8221;Stratos&#8221; _builder_version=&#8221;4.18.0&#8243; _module_preset=&#8221;default&#8221; header_level=&#8221;h3&#8243; header_font_size=&#8221;24px&#8221; background_color=&#8221;#FFFFFF&#8221; text_orientation=&#8221;center&#8221; link_option_url=&#8221;https:\/\/www.isaitaly.com\/it\/prodotto\/gelato-pastry\/vetrine-gelato\/stratos\/&#8221; global_colors_info=&#8221;{}&#8221;][\/et_pb_blurb][\/et_pb_column][\/et_pb_row][et_pb_row _builder_version=&#8221;4.17.6&#8243; _module_preset=&#8221;default&#8221; global_colors_info=&#8221;{}&#8221;][et_pb_column type=&#8221;4_4&#8243; _builder_version=&#8221;4.17.6&#8243; _module_preset=&#8221;default&#8221; global_colors_info=&#8221;{}&#8221;][\/et_pb_column][\/et_pb_row][\/et_pb_section]<\/p>\n","protected":false},"excerpt":{"rendered":"<p>[et_pb_isa_prodotto_titolo title=&#8221;Plus \u2027 Plus 1 \u2027 Plus 2&#8243; subtitle=&#8221;Tre differenti tipologie di ventilazione&#8221; _builder_version=&#8221;4.18.0&#8243; global_colors_info=&#8221;{}&#8221;][\/et_pb_isa_prodotto_titolo][et_pb_isa_prodotto_immagine image=&#8221;https:\/\/www.isaitaly.com\/wp-content\/uploads\/2018\/09\/isa-supercapri-imm-principale.jpg&#8221; altimage=&#8221;Millennium&#8221; _builder_version=&#8221;4.6.3&#8243; global_colors_info=&#8221;{}&#8221;][\/et_pb_isa_prodotto_immagine][et_pb_isa_prodotto_box_doppio imagesx=&#8221;https:\/\/www.isaitaly.com\/wp-content\/uploads\/2018\/09\/isa-supercapri-box-doppio-1.jpg&#8221; descdx=&#8221;Controllo totale delle prestazioni del freddo ISA \u00e8 la prima ed unica azienda al mondo ad offrire tre differenti tipologie di ventilazione su un\u2019intera gamma di vetrine professionali finalizzate ad incontrare e soddisfare le esigenze [&hellip;]<\/p>\n","protected":false},"author":3,"featured_media":0,"parent":0,"menu_order":36,"comment_status":"closed","ping_status":"closed","template":"","meta":{"_et_pb_use_builder":"on","_et_pb_old_content":"","_et_gb_content_width":"","footnotes":""},"alberomarket":[],"class_list":["post-83916","page","type-page","status-publish","hentry"],"acf":[],"yoast_head":"<!-- This site is optimized with the Yoast SEO plugin v26.8 - https:\/\/yoast.com\/product\/yoast-seo-wordpress\/ -->\n<title>Plus, 3 tipologie di ventilazione per vetrine professionali | ISA<\/title>\n<meta name=\"description\" content=\"ISA \u00e8 la prima ed unica azienda al mondo ad offrire tre differenti tipologie di ventilazione su un\u2019intera gamma di vetrine professionali.\" \/>\n<meta name=\"robots\" content=\"index, follow, max-snippet:-1, max-image-preview:large, max-video-preview:-1\" \/>\n<link rel=\"canonical\" href=\"https:\/\/www.isaitaly.com\/it\/ventilazione-vetrine-gelato-plus\/\" \/>\n<meta property=\"og:locale\" content=\"it_IT\" \/>\n<meta property=\"og:type\" content=\"article\" \/>\n<meta property=\"og:title\" content=\"Plus, 3 tipologie di ventilazione per vetrine professionali | ISA\" \/>\n<meta property=\"og:description\" content=\"ISA \u00e8 la prima ed unica azienda al mondo ad offrire tre differenti tipologie di ventilazione su un\u2019intera gamma di vetrine professionali.\" \/>\n<meta property=\"og:url\" content=\"https:\/\/www.isaitaly.com\/it\/ventilazione-vetrine-gelato-plus\/\" \/>\n<meta property=\"og:site_name\" content=\"ISA\" \/>\n<meta property=\"article:modified_time\" content=\"2022-09-15T14:43:57+00:00\" \/>\n<meta name=\"twitter:card\" content=\"summary_large_image\" \/>\n<meta name=\"twitter:label1\" content=\"Tempo di lettura stimato\" \/>\n\t<meta name=\"twitter:data1\" content=\"5 minuti\" \/>\n<script type=\"application\/ld+json\" class=\"yoast-schema-graph\">{\"@context\":\"https:\/\/schema.org\",\"@graph\":[{\"@type\":\"WebPage\",\"@id\":\"https:\/\/www.isaitaly.com\/it\/ventilazione-vetrine-gelato-plus\/\",\"url\":\"https:\/\/www.isaitaly.com\/it\/ventilazione-vetrine-gelato-plus\/\",\"name\":\"Plus, 3 tipologie di ventilazione per vetrine professionali | ISA\",\"isPartOf\":{\"@id\":\"https:\/\/www.isaitaly.com\/it\/#website\"},\"datePublished\":\"2022-08-26T08:49:07+00:00\",\"dateModified\":\"2022-09-15T14:43:57+00:00\",\"description\":\"ISA \u00e8 la prima ed unica azienda al mondo ad offrire tre differenti tipologie di ventilazione su un\u2019intera gamma di vetrine professionali.\",\"breadcrumb\":{\"@id\":\"https:\/\/www.isaitaly.com\/it\/ventilazione-vetrine-gelato-plus\/#breadcrumb\"},\"inLanguage\":\"it-IT\",\"potentialAction\":[{\"@type\":\"ReadAction\",\"target\":[\"https:\/\/www.isaitaly.com\/it\/ventilazione-vetrine-gelato-plus\/\"]}]},{\"@type\":\"BreadcrumbList\",\"@id\":\"https:\/\/www.isaitaly.com\/it\/ventilazione-vetrine-gelato-plus\/#breadcrumb\",\"itemListElement\":[{\"@type\":\"ListItem\",\"position\":1,\"name\":\"Home\",\"item\":\"https:\/\/www.isaitaly.com\/it\/\"},{\"@type\":\"ListItem\",\"position\":2,\"name\":\"Ventilazione Plus\"}]},{\"@type\":\"WebSite\",\"@id\":\"https:\/\/www.isaitaly.com\/it\/#website\",\"url\":\"https:\/\/www.isaitaly.com\/it\/\",\"name\":\"ISA\",\"description\":\"\",\"potentialAction\":[{\"@type\":\"SearchAction\",\"target\":{\"@type\":\"EntryPoint\",\"urlTemplate\":\"https:\/\/www.isaitaly.com\/it\/?s={search_term_string}\"},\"query-input\":{\"@type\":\"PropertyValueSpecification\",\"valueRequired\":true,\"valueName\":\"search_term_string\"}}],\"inLanguage\":\"it-IT\"}]}<\/script>\n<!-- \/ Yoast SEO plugin. -->","yoast_head_json":{"title":"Plus, 3 tipologie di ventilazione per vetrine professionali | ISA","description":"ISA \u00e8 la prima ed unica azienda al mondo ad offrire tre differenti tipologie di ventilazione su un\u2019intera gamma di vetrine professionali.","robots":{"index":"index","follow":"follow","max-snippet":"max-snippet:-1","max-image-preview":"max-image-preview:large","max-video-preview":"max-video-preview:-1"},"canonical":"https:\/\/www.isaitaly.com\/it\/ventilazione-vetrine-gelato-plus\/","og_locale":"it_IT","og_type":"article","og_title":"Plus, 3 tipologie di ventilazione per vetrine professionali | ISA","og_description":"ISA \u00e8 la prima ed unica azienda al mondo ad offrire tre differenti tipologie di ventilazione su un\u2019intera gamma di vetrine professionali.","og_url":"https:\/\/www.isaitaly.com\/it\/ventilazione-vetrine-gelato-plus\/","og_site_name":"ISA","article_modified_time":"2022-09-15T14:43:57+00:00","twitter_card":"summary_large_image","twitter_misc":{"Tempo di lettura stimato":"5 minuti"},"schema":{"@context":"https:\/\/schema.org","@graph":[{"@type":"WebPage","@id":"https:\/\/www.isaitaly.com\/it\/ventilazione-vetrine-gelato-plus\/","url":"https:\/\/www.isaitaly.com\/it\/ventilazione-vetrine-gelato-plus\/","name":"Plus, 3 tipologie di ventilazione per vetrine professionali | ISA","isPartOf":{"@id":"https:\/\/www.isaitaly.com\/it\/#website"},"datePublished":"2022-08-26T08:49:07+00:00","dateModified":"2022-09-15T14:43:57+00:00","description":"ISA \u00e8 la prima ed unica azienda al mondo ad offrire tre differenti tipologie di ventilazione su un\u2019intera gamma di vetrine professionali.","breadcrumb":{"@id":"https:\/\/www.isaitaly.com\/it\/ventilazione-vetrine-gelato-plus\/#breadcrumb"},"inLanguage":"it-IT","potentialAction":[{"@type":"ReadAction","target":["https:\/\/www.isaitaly.com\/it\/ventilazione-vetrine-gelato-plus\/"]}]},{"@type":"BreadcrumbList","@id":"https:\/\/www.isaitaly.com\/it\/ventilazione-vetrine-gelato-plus\/#breadcrumb","itemListElement":[{"@type":"ListItem","position":1,"name":"Home","item":"https:\/\/www.isaitaly.com\/it\/"},{"@type":"ListItem","position":2,"name":"Ventilazione Plus"}]},{"@type":"WebSite","@id":"https:\/\/www.isaitaly.com\/it\/#website","url":"https:\/\/www.isaitaly.com\/it\/","name":"ISA","description":"","potentialAction":[{"@type":"SearchAction","target":{"@type":"EntryPoint","urlTemplate":"https:\/\/www.isaitaly.com\/it\/?s={search_term_string}"},"query-input":{"@type":"PropertyValueSpecification","valueRequired":true,"valueName":"search_term_string"}}],"inLanguage":"it-IT"}]}},"_links":{"self":[{"href":"https:\/\/www.isaitaly.com\/it\/wp-json\/wp\/v2\/pages\/83916","targetHints":{"allow":["GET"]}}],"collection":[{"href":"https:\/\/www.isaitaly.com\/it\/wp-json\/wp\/v2\/pages"}],"about":[{"href":"https:\/\/www.isaitaly.com\/it\/wp-json\/wp\/v2\/types\/page"}],"author":[{"embeddable":true,"href":"https:\/\/www.isaitaly.com\/it\/wp-json\/wp\/v2\/users\/3"}],"replies":[{"embeddable":true,"href":"https:\/\/www.isaitaly.com\/it\/wp-json\/wp\/v2\/comments?post=83916"}],"version-history":[{"count":94,"href":"https:\/\/www.isaitaly.com\/it\/wp-json\/wp\/v2\/pages\/83916\/revisions"}],"predecessor-version":[{"id":84876,"href":"https:\/\/www.isaitaly.com\/it\/wp-json\/wp\/v2\/pages\/83916\/revisions\/84876"}],"wp:attachment":[{"href":"https:\/\/www.isaitaly.com\/it\/wp-json\/wp\/v2\/media?parent=83916"}],"wp:term":[{"taxonomy":"alberomarket","embeddable":true,"href":"https:\/\/www.isaitaly.com\/it\/wp-json\/wp\/v2\/alberomarket?post=83916"}],"curies":[{"name":"wp","href":"https:\/\/api.w.org\/{rel}","templated":true}]}}