{"id":5408,"date":"2018-11-08T08:52:46","date_gmt":"2018-11-08T07:52:46","guid":{"rendered":"https:\/\/www.isaitaly.com\/?page_id=5408"},"modified":"2024-09-20T15:55:20","modified_gmt":"2024-09-20T13:55:20","slug":"chi-siamo","status":"publish","type":"page","link":"https:\/\/www.isaitaly.com\/it\/chi-siamo\/","title":{"rendered":"Chi siamo"},"content":{"rendered":"<p>[et_pb_section fb_built=&#8221;1&#8243; fullwidth=&#8221;on&#8221; _builder_version=&#8221;4.16&#8243; global_colors_info=&#8221;{}&#8221;][et_pb_fullwidth_image src=&#8221;\/wp-content\/uploads\/2018\/11\/isa_azienda_chi_siamo.jpg&#8221; _builder_version=&#8221;4.16&#8243; global_colors_info=&#8221;{}&#8221;][\/et_pb_fullwidth_image][\/et_pb_section][et_pb_section fb_built=&#8221;1&#8243; _builder_version=&#8221;4.16&#8243; global_colors_info=&#8221;{}&#8221;][et_pb_row _builder_version=&#8221;4.16&#8243; custom_padding=&#8221;||0px||false|false&#8221; global_colors_info=&#8221;{}&#8221;][et_pb_column type=&#8221;4_4&#8243; _builder_version=&#8221;4.16&#8243; global_colors_info=&#8221;{}&#8221;][et_pb_c2i_breadcrumbs _builder_version=&#8221;3.29.3&#8243; global_colors_info=&#8221;{}&#8221;][\/et_pb_c2i_breadcrumbs][\/et_pb_column][\/et_pb_row][\/et_pb_section][et_pb_section fb_built=&#8221;1&#8243; _builder_version=&#8221;4.16&#8243; custom_margin=&#8221;0px||||false|false&#8221; custom_padding=&#8221;25px||||false|false&#8221; global_colors_info=&#8221;{}&#8221;][et_pb_row _builder_version=&#8221;4.16&#8243; use_custom_width=&#8221;on&#8221; global_colors_info=&#8221;{}&#8221;][et_pb_column type=&#8221;4_4&#8243; _builder_version=&#8221;4.16&#8243; custom_padding=&#8221;|||&#8221; global_colors_info=&#8221;{}&#8221; custom_padding__hover=&#8221;|||&#8221;][et_pb_text admin_label=&#8221;Testo&#8221; _builder_version=&#8221;4.16&#8243; text_font=&#8221;Roboto Light||||&#8221; text_text_color=&#8221;#666666&#8243; text_font_size=&#8221;18&#8243; text_line_height=&#8221;1.6em&#8221; header_font=&#8221;Roboto Light||||&#8221; header_text_align=&#8221;center&#8221; header_font_size=&#8221;40px&#8221; header_letter_spacing=&#8221;1px&#8221; text_orientation=&#8221;center&#8221; module_alignment=&#8221;center&#8221; custom_margin=&#8221;|50px||50px&#8221; border_style=&#8221;solid&#8221; global_colors_info=&#8221;{}&#8221;]<\/p>\n<h1 class=\"weight-light\"><span style=\"color: #5aa1d8;\">ISA nasce in Umbria,<\/span><br \/><span style=\"color: #5aa1d8;\">nel cuore dell\u2019Italia che fa moda, design e stile.<\/span><\/h1>\n<div class=\"weight-light\">\n<p>Dal 1963 ISA produce nella sua regione e da l\u00ec distribuisce nel mondo vetrine refrigerate e arredamenti per locali pubblici.<br \/>ISA opera sul mercato con cinque marchi: <strong>ISA<\/strong>, <strong>COF<\/strong>, <strong>TASSELLI, ABACO e HIZONE<\/strong> con un fatturato di oltre 120 milioni di euro esportando, in 107 paesi, prodotti di qualit\u00e0 ad alto tasso di tecnologia e innovazione anche in termini sostenibilit\u00e0 attraverso l\u2019uso di refrigeranti naturali.<\/p>\n<p>ISA \u00e8 ad oggi uno dei player pi\u00f9 importanti al mondo nel settore dell\u2019arredamento per locali pubblici, delle vetrine e degli armadi refrigerati per gelateria e pasticceria e dell\u2019arredamento professionale. Oltre ai numerosi e prestigiosi clienti che utilizzano quotidianamente le attrezzature ISA, l\u2019azienda collabora da anni con brand importanti a livello internazionale, quali: Ahold, Auchan, Autogrill, Billa, Bindi, Coldstone Creamery, Coca Cola, Conad, Coop, Cremonini, Brioche doree, Haagen dazs, Nestl\u00e8, Sammontana, Starbucks e Unilever.<\/p>\n<\/div>\n<p>[\/et_pb_text][\/et_pb_column][\/et_pb_row][et_pb_row column_structure=&#8221;1_3,1_3,1_3&#8243; make_equal=&#8221;on&#8221; disabled_on=&#8221;on|on|on&#8221; _builder_version=&#8221;4.16&#8243; use_custom_width=&#8221;on&#8221; disabled=&#8221;on&#8221; global_colors_info=&#8221;{}&#8221;][et_pb_column type=&#8221;1_3&#8243; _builder_version=&#8221;4.16&#8243; custom_padding=&#8221;|||&#8221; global_colors_info=&#8221;{}&#8221; custom_padding__hover=&#8221;|||&#8221;][et_pb_image src=&#8221;https:\/\/www.isaitaly.com\/wp-content\/uploads\/2019\/01\/COF.jpg&#8221; align_tablet=&#8221;center&#8221; align_phone=&#8221;&#8221; align_last_edited=&#8221;on|desktop&#8221; _builder_version=&#8221;4.16&#8243; global_colors_info=&#8221;{}&#8221;][\/et_pb_image][et_pb_text _builder_version=&#8221;4.16&#8243; global_colors_info=&#8221;{}&#8221;]<\/p>\n<p>\n<strong>Cof<\/strong>\u00a0\u00e8 uno dei marchi con cui ISA \u2013 Industria Scaffalature Arredamenti S.p.a.\u00a0\u2013 opera in qualit\u00e0 di leader nel settore dell\u2019arredamento dei pubblici esercizi e nella refrigerazione professionale.\u00a0Con Cof, ISA ha voluto infatti individuare una gamma di prodotti plug-in dedicati al mondo del Food&amp;Beverage, mettendo a disposizione della propria clientela la sua affidabilit\u00e0, la sua professionalit\u00e0 ed il suo servizio.<br \/>Nasce cos\u00ec la divisione Food&amp;Beverage, un\u2019organizzazione commerciale per meglio venire incontro ai nostri clienti, sempre con il medesimo fine: quello\u00a0di lasciare a loro la libert\u00e0 di scegliere le attrezzature con le dimensioni, le prestazioni e lo stile\u00a0che pi\u00f9 si adattano al loro spazio e ai loro gusti.<\/p>\n<p>[\/et_pb_text][\/et_pb_column][et_pb_column type=&#8221;1_3&#8243; _builder_version=&#8221;4.16&#8243; custom_padding=&#8221;|||&#8221; global_colors_info=&#8221;{}&#8221; custom_padding__hover=&#8221;|||&#8221;][et_pb_image src=&#8221;https:\/\/www.isaitaly.com\/wp-content\/uploads\/2019\/01\/tasselli.jpg&#8221; align_tablet=&#8221;center&#8221; align_phone=&#8221;&#8221; align_last_edited=&#8221;on|desktop&#8221; _builder_version=&#8221;4.16&#8243; global_colors_info=&#8221;{}&#8221;][\/et_pb_image][et_pb_text _builder_version=&#8221;4.16&#8243; global_colors_info=&#8221;{}&#8221;]<\/p>\n<p>\n<strong>Tasselli<\/strong>\u00a0Industria Frigoriferi \u00e8 una divisione di ISA specializzata nella produzione di attrezzature altamente professionali rivolte al settore della Media e Grande Distribuzione Organizzata.<\/p>\n<p>L\u2019azienda, fondata nel 1943, ha intrapreso la propria attivit\u00e0 producendo ghiacciaie domestiche in legno. Successivamente, si \u00e8 affermata come azienda di riferimento nel settore della refrigerazione industriale ed, in particolare, per la grande distribuzione dove si \u00e8 contraddistinta per l\u2019alto livello, l\u2019innovazione e la qualit\u00e0 delle proprie attrezzature e refrigerazione.<\/p>\n<p>Nel 2001, \u00e8 stata acquisita dalla ISA S.p.A., azienda leader del settore dell\u2019arredamento per pubblici esercizi. Tale acquisizione le ha permesso di crescere ed arricchirsi segnando una svolta: la tecnologia unita al design.<\/p>\n<p>Grazie alle soluzioni e le tecnologie innovative che propone, \u00e8 capace di veicolare al meglio i messaggi commerciali, di conservare, esporre ed esaltare i prodotti in vendita. Inoltre, il connubio tra le caratteristiche tecniche ed estetiche \u00e8 in grado di soddisfare qualsiasi esigenza espositiva.<\/p>\n<p>[\/et_pb_text][\/et_pb_column][et_pb_column type=&#8221;1_3&#8243; _builder_version=&#8221;4.16&#8243; custom_padding=&#8221;|||&#8221; global_colors_info=&#8221;{}&#8221; custom_padding__hover=&#8221;|||&#8221;][et_pb_image src=&#8221;https:\/\/www.isaitaly.com\/wp-content\/uploads\/2019\/01\/abaco.jpg&#8221; align_tablet=&#8221;center&#8221; align_phone=&#8221;&#8221; align_last_edited=&#8221;on|desktop&#8221; _builder_version=&#8221;4.16&#8243; global_colors_info=&#8221;{}&#8221;][\/et_pb_image][et_pb_text _builder_version=&#8221;4.16&#8243; global_colors_info=&#8221;{}&#8221;]<\/p>\n<p>\n<strong>ABACO<\/strong>\u00a0\u00e8 il nuovo marchio ISA dedicato alla tecnologia per l\u2019arredo dei pubblici esercizi, che si posiziona nello specifico all\u2019interno del settore dei semilavorati e dei retro banchi in acciaio.<\/p>\n<p>[\/et_pb_text][\/et_pb_column][\/et_pb_row][et_pb_row _builder_version=&#8221;4.16&#8243; use_custom_width=&#8221;on&#8221; global_colors_info=&#8221;{}&#8221;][et_pb_column type=&#8221;4_4&#8243; _builder_version=&#8221;4.16&#8243; custom_padding=&#8221;|||&#8221; global_colors_info=&#8221;{}&#8221; custom_padding__hover=&#8221;|||&#8221;][et_pb_video src=&#8221;https:\/\/www.youtube.com\/watch?v=AfnUPV26Q0w&#038;feature=youtu.be&#8221; image_src=&#8221;\/\/i.ytimg.com\/vi\/AfnUPV26Q0w\/hqdefault.jpg&#8221; _builder_version=&#8221;4.21.2&#8243; global_colors_info=&#8221;{}&#8221;][\/et_pb_video][\/et_pb_column][\/et_pb_row][et_pb_row _builder_version=&#8221;4.16&#8243; use_custom_width=&#8221;on&#8221; global_colors_info=&#8221;{}&#8221;][et_pb_column type=&#8221;4_4&#8243; _builder_version=&#8221;4.16&#8243; custom_padding=&#8221;|||&#8221; global_colors_info=&#8221;{}&#8221; custom_padding__hover=&#8221;|||&#8221;][et_pb_text _builder_version=&#8221;4.21.2&#8243; text_font=&#8221;Roboto Light||||&#8221; text_text_color=&#8221;#666666&#8243; text_line_height=&#8221;1.6em&#8221; header_font=&#8221;Roboto Light||||&#8221; header_text_align=&#8221;center&#8221; header_font_size=&#8221;40px&#8221; header_letter_spacing=&#8221;1px&#8221; text_orientation=&#8221;center&#8221; module_alignment=&#8221;center&#8221; custom_margin=&#8221;|50px||50px&#8221; hover_enabled=&#8221;0&#8243; z_index_tablet=&#8221;500&#8243; border_style=&#8221;solid&#8221; global_colors_info=&#8221;{}&#8221; sticky_enabled=&#8221;0&#8243;]<\/p>\n<h1 class=\"weight-light\" style=\"text-align: center;\"><span style=\"color: #5aa1d8;\">Lo stabilimento<\/span><\/h1>\n<div>\u00a0<\/div>\n<div style=\"text-align: center;\">Per raccogliere le nuove sfide a livello globale ISA ha pianificato su un\u2019area di oltre 280.000 mq un nuovo stabilimento di 62.000 mq coperti, coerentemente integrato con l\u2019ambiente urbano circostante, inaugurato il 16 Maggio 2017, nel quale sono state applicate metodologie innovative di produzione e logistica con uno spazio importante per la ricerca e lo sviluppo.<\/div>\n<div style=\"text-align: center;\">\u00a0<\/div>\n<div style=\"text-align: center;\">La nuova fabbrica \u00e8 stata progettata e realizzata nel rispetto della sostenibilit\u00e0 ambientale e della sicurezza e vivibilit\u00e0 dell\u2019ambiente di lavoro. All&#8217;interno della nuova area direzionale un importante spazio di 2.500 mq \u00e8 stato dedicato allo Showroom, destinato ad accogliere i clienti che provengono da oltre 107 paesi nel mondo.<\/div>\n<div>\u00a0<\/div>\n<p>[\/et_pb_text][et_pb_text admin_label=&#8221;Testo&#8221; _builder_version=&#8221;4.18.0&#8243; text_font=&#8221;Roboto Light||||&#8221; text_text_color=&#8221;#666666&#8243; text_line_height=&#8221;1.6em&#8221; header_font=&#8221;Roboto Light||||&#8221; header_text_align=&#8221;center&#8221; header_font_size=&#8221;40px&#8221; header_letter_spacing=&#8221;1px&#8221; text_orientation=&#8221;center&#8221; module_alignment=&#8221;center&#8221; custom_margin=&#8221;|50px||50px&#8221; z_index_tablet=&#8221;500&#8243; border_style=&#8221;solid&#8221; global_colors_info=&#8221;{}&#8221;]<\/p>\n<h1 class=\"weight-light\"><span style=\"color: #5aa1d8;\">I brand di ISA<\/span><\/h1>\n<p>[\/et_pb_text][\/et_pb_column][\/et_pb_row][et_pb_row column_structure=&#8221;2_5,3_5&#8243; disabled_on=&#8221;on|on|on&#8221; _builder_version=&#8221;4.16&#8243; disabled=&#8221;on&#8221; global_colors_info=&#8221;{}&#8221;][et_pb_column type=&#8221;2_5&#8243; _builder_version=&#8221;4.16&#8243; global_colors_info=&#8221;{}&#8221;][et_pb_isa_prodotto_immagine image=&#8221;https:\/\/www.isaitaly.com\/wp-content\/uploads\/2019\/11\/brand-isa-box-hizone-2.jpg&#8221; admin_label=&#8221;Immagine Hizone&#8221; _builder_version=&#8221;3.29.3&#8243; global_colors_info=&#8221;{}&#8221;][\/et_pb_isa_prodotto_immagine][\/et_pb_column][et_pb_column type=&#8221;3_5&#8243; _builder_version=&#8221;4.16&#8243; global_colors_info=&#8221;{}&#8221;][et_pb_image src=&#8221;https:\/\/www.isaitaly.com\/wp-content\/uploads\/2019\/11\/Logo-Hizone-e1573811250189.jpg&#8221; url=&#8221;https:\/\/www.hizone.it\/&#8221; url_new_window=&#8221;on&#8221; admin_label=&#8221;Logo&#8221; _builder_version=&#8221;4.16&#8243; custom_margin=&#8221;20px|||30px|false|false&#8221; custom_padding=&#8221;20px|||30px|false|false&#8221; global_colors_info=&#8221;{}&#8221;][\/et_pb_image][et_pb_isa_prodotto_testo selection=&#8221;H2&#8243; selectionsub=&#8221;H2&#8243; desc=&#8221;<\/p>\n<p>\u00c8 il luxury brand progettato da Antonio Citterio: un innovativo sistema creato per arredare laboratori di gelaterie, pasticcerie, gastronomie e ristoranti. La gamma comprende cantine vini, abbattitori, armadi e tavoli refrigerati e neutri.<\/p>\n<p>&#8221; admin_label=&#8221;Testo Hizone&#8221; _builder_version=&#8221;3.29.3&#8243; global_colors_info=&#8221;{}&#8221;][\/et_pb_isa_prodotto_testo][\/et_pb_column][\/et_pb_row][et_pb_row column_structure=&#8221;3_5,2_5&#8243; disabled_on=&#8221;on|on|on&#8221; _builder_version=&#8221;4.16&#8243; disabled=&#8221;on&#8221; global_colors_info=&#8221;{}&#8221;][et_pb_column type=&#8221;3_5&#8243; _builder_version=&#8221;4.16&#8243; global_colors_info=&#8221;{}&#8221;][et_pb_image src=&#8221;https:\/\/www.isaitaly.com\/wp-content\/uploads\/2019\/11\/brand-isa-box-cof-3.jpg&#8221; url=&#8221;https:\/\/www.cofitalia.it\/&#8221; url_new_window=&#8221;on&#8221; admin_label=&#8221;Logo&#8221; _builder_version=&#8221;4.16&#8243; custom_margin=&#8221;20px|||30px|false|false&#8221; custom_padding=&#8221;20px|||30px|false|false&#8221; global_colors_info=&#8221;{}&#8221;][\/et_pb_image][et_pb_isa_prodotto_testo selection=&#8221;H2&#8243; selectionsub=&#8221;H1&#8243; desc=&#8221;<\/p>\n<p>Con questo brand ISA raggiunge tutti i clienti professionali con una completa e diversificata linea di espositori e conservatori plug in, per bar, gelaterie, pasticcerie e ristoranti, con varie tipologie di refrigerazione, prestazioni elevate e uno stile inconfondibile.<\/p>\n<p>&#8221; admin_label=&#8221;Testo Cof&#8221; _builder_version=&#8221;3.29.3&#8243; global_colors_info=&#8221;{}&#8221;][\/et_pb_isa_prodotto_testo][\/et_pb_column][et_pb_column type=&#8221;2_5&#8243; _builder_version=&#8221;4.16&#8243; global_colors_info=&#8221;{}&#8221;][et_pb_isa_prodotto_immagine image=&#8221;https:\/\/www.isaitaly.com\/wp-content\/uploads\/2019\/11\/brand-isa-box-cof.jpg&#8221; admin_label=&#8221;Immagine Cof&#8221; _builder_version=&#8221;3.29.3&#8243; global_colors_info=&#8221;{}&#8221;][\/et_pb_isa_prodotto_immagine][\/et_pb_column][\/et_pb_row][et_pb_row column_structure=&#8221;2_5,3_5&#8243; disabled_on=&#8221;on|on|on&#8221; _builder_version=&#8221;4.16&#8243; disabled=&#8221;on&#8221; global_colors_info=&#8221;{}&#8221;][et_pb_column type=&#8221;2_5&#8243; _builder_version=&#8221;4.16&#8243; global_colors_info=&#8221;{}&#8221;][et_pb_isa_prodotto_immagine image=&#8221;https:\/\/www.isaitaly.com\/wp-content\/uploads\/2019\/11\/brand-isa-box-abaco.jpg&#8221; admin_label=&#8221;Immagine Abaco&#8221; _builder_version=&#8221;3.29.3&#8243; global_colors_info=&#8221;{}&#8221;][\/et_pb_isa_prodotto_immagine][\/et_pb_column][et_pb_column type=&#8221;3_5&#8243; _builder_version=&#8221;4.16&#8243; global_colors_info=&#8221;{}&#8221;][et_pb_image src=&#8221;https:\/\/www.isaitaly.com\/wp-content\/uploads\/2019\/11\/brand-isa-box-abaco-1.jpg&#8221; url=&#8221;https:\/\/abaco.isaitaly.com\/&#8221; url_new_window=&#8221;on&#8221; admin_label=&#8221;Logo&#8221; _builder_version=&#8221;4.16&#8243; custom_margin=&#8221;20px|||30px|false|false&#8221; custom_padding=&#8221;20px|||30px|false|false&#8221; global_colors_info=&#8221;{}&#8221;][\/et_pb_image][et_pb_isa_prodotto_testo selection=&#8221;H2&#8243; selectionsub=&#8221;H3&#8243; desc=&#8221;<\/p>\n<p>\u00c8 il brand della tecnologia del freddo per i semilavorati in acciaio inox specifici per l\u2019arredamento di bar, pasticcerie, gelaterie, gastronomie e laboratori, che permettono a designers ed architetti di progettare qualsiasi soluzione di layout secondo le diverse esigenze.<\/p>\n<p>&#8221; admin_label=&#8221;Testo Abaco&#8221; _builder_version=&#8221;3.29.3&#8243; global_colors_info=&#8221;{}&#8221;][\/et_pb_isa_prodotto_testo][\/et_pb_column][\/et_pb_row][et_pb_row column_structure=&#8221;3_5,2_5&#8243; disabled_on=&#8221;on|on|on&#8221; _builder_version=&#8221;4.16&#8243; disabled=&#8221;on&#8221; global_colors_info=&#8221;{}&#8221;][et_pb_column type=&#8221;3_5&#8243; _builder_version=&#8221;4.16&#8243; global_colors_info=&#8221;{}&#8221;][et_pb_image src=&#8221;https:\/\/www.isaitaly.com\/wp-content\/uploads\/2019\/11\/brand-isa-box-tasselli-1.jpg&#8221; url=&#8221;http:\/\/www.tasselli.it\/&#8221; url_new_window=&#8221;on&#8221; admin_label=&#8221;Logo&#8221; _builder_version=&#8221;4.16&#8243; custom_margin=&#8221;20px|||30px|false|false&#8221; custom_padding=&#8221;20px|||30px|false|false&#8221; global_colors_info=&#8221;{}&#8221;][\/et_pb_image][et_pb_isa_prodotto_testo selection=&#8221;H2&#8243; selectionsub=&#8221;H1&#8243; desc=&#8221;<\/p>\n<p>L\u2019azienda da oltre 60 anni arreda supermercati, ipermercati e retail, con molteplici tecnologie del freddo, specifiche per surgelati, formaggi, carni, frutta e verdura.<\/p>\n<p>&#8221; admin_label=&#8221;Testo Tasselli&#8221; _builder_version=&#8221;3.29.3&#8243; global_colors_info=&#8221;{}&#8221;][\/et_pb_isa_prodotto_testo][\/et_pb_column][et_pb_column type=&#8221;2_5&#8243; _builder_version=&#8221;4.16&#8243; global_colors_info=&#8221;{}&#8221;][et_pb_isa_prodotto_immagine image=&#8221;https:\/\/www.isaitaly.com\/wp-content\/uploads\/2019\/11\/brand-isa-box-tasselli.jpg&#8221; admin_label=&#8221;Immagine Tasselli&#8221; _builder_version=&#8221;3.29.3&#8243; global_colors_info=&#8221;{}&#8221;][\/et_pb_isa_prodotto_immagine][\/et_pb_column][\/et_pb_row][\/et_pb_section][et_pb_section fb_built=&#8221;1&#8243; disabled_on=&#8221;on|on|on&#8221; _builder_version=&#8221;4.16&#8243; custom_margin=&#8221;0px||0px||false|false&#8221; custom_padding=&#8221;0px||0px||false|false&#8221; disabled=&#8221;on&#8221; global_colors_info=&#8221;{}&#8221;][et_pb_row _builder_version=&#8221;4.16&#8243; width=&#8221;100%&#8221; custom_margin=&#8221;0px||0px||false|false&#8221; custom_padding=&#8221;0px||0px||false|false&#8221; global_colors_info=&#8221;{}&#8221;][et_pb_column type=&#8221;4_4&#8243; _builder_version=&#8221;4.16&#8243; global_colors_info=&#8221;{}&#8221;][et_pb_c2i_banner_small_sx titlesection=&#8221;Arte e scienza del freddo&#8221; title=&#8221;ISA&#8221; src=&#8221;https:\/\/www.isaitaly.com\/wp-content\/uploads\/2020\/07\/brand-isa.jpg&#8221; _builder_version=&#8221;3.29.3&#8243; global_colors_info=&#8221;{}&#8221;][\/et_pb_c2i_banner_small_sx][\/et_pb_column][\/et_pb_row][\/et_pb_section][et_pb_section fb_built=&#8221;1&#8243; _builder_version=&#8221;4.18.0&#8243; custom_margin=&#8221;0px||0px||false|false&#8221; custom_padding=&#8221;0px||0px||false|false&#8221; global_colors_info=&#8221;{}&#8221;][et_pb_row _builder_version=&#8221;4.16&#8243; width=&#8221;100%&#8221; custom_margin=&#8221;0px||0px||false|false&#8221; custom_padding=&#8221;0px||0px||false|false&#8221; global_colors_info=&#8221;{}&#8221;][et_pb_column type=&#8221;4_4&#8243; _builder_version=&#8221;4.16&#8243; global_colors_info=&#8221;{}&#8221;][et_pb_c2i_banner_small titlesection=&#8221;Hi-Professional Zone&#8221; title=&#8221;Hizone&#8221; link=&#8221;https:\/\/www.hizone.it\/&#8221; src=&#8221;https:\/\/www.isaitaly.com\/wp-content\/uploads\/2020\/07\/brand-hizone.jpg&#8221; _builder_version=&#8221;4.18.0&#8243; global_colors_info=&#8221;{}&#8221;]<\/p>\n<p>\u00c8 il luxury brand progettato da Antonio Citterio: un innovativo sistema creato per arredare laboratori di gelaterie, pasticcerie, gastronomie e ristoranti. La gamma comprende cantine vini, abbattitori, armadi e tavoli refrigerati e neutri.<\/p>\n<p>[\/et_pb_c2i_banner_small][\/et_pb_column][\/et_pb_row][\/et_pb_section][et_pb_section fb_built=&#8221;1&#8243; _builder_version=&#8221;4.16&#8243; custom_margin=&#8221;0px||0px||false|false&#8221; custom_padding=&#8221;0px||0px||false|false&#8221; global_colors_info=&#8221;{}&#8221;][et_pb_row _builder_version=&#8221;4.16&#8243; width=&#8221;100%&#8221; custom_margin=&#8221;0px||0px||false|false&#8221; custom_padding=&#8221;0px||0px||true|false&#8221; global_colors_info=&#8221;{}&#8221;][et_pb_column type=&#8221;4_4&#8243; _builder_version=&#8221;4.16&#8243; global_colors_info=&#8221;{}&#8221;][et_pb_c2i_banner_small_sx titlesection=&#8221;Food &#038; Beverage&#8221; title=&#8221;COF&#8221; link=&#8221;https:\/\/cofitalia.it\/&#8221; src=&#8221;https:\/\/www.isaitaly.com\/wp-content\/uploads\/2020\/07\/brand-cof.jpg&#8221; _builder_version=&#8221;4.18.0&#8243; global_colors_info=&#8221;{}&#8221;]<\/p>\n<p>Con questo brand ISA raggiunge tutti i clienti professionali con una completa e diversificata linea di espositori e conservatori plug in, per bar, gelaterie, pasticcerie e ristoranti, con varie tipologie di refrigerazione, prestazioni elevate e uno stile inconfondibile.<\/p>\n<p>[\/et_pb_c2i_banner_small_sx][\/et_pb_column][\/et_pb_row][\/et_pb_section][et_pb_section fb_built=&#8221;1&#8243; _builder_version=&#8221;4.16&#8243; custom_margin=&#8221;0px||0px||false|false&#8221; custom_padding=&#8221;0px||0px||false|false&#8221; global_colors_info=&#8221;{}&#8221;][et_pb_row _builder_version=&#8221;4.16&#8243; width=&#8221;100%&#8221; custom_margin=&#8221;0px||0px||false|false&#8221; custom_padding=&#8221;0px||0px||false|false&#8221; global_colors_info=&#8221;{}&#8221;][et_pb_column type=&#8221;4_4&#8243; _builder_version=&#8221;4.16&#8243; global_colors_info=&#8221;{}&#8221;][et_pb_c2i_banner_small titlesection=&#8221;Espone, conserva, arreda&#8221; title=&#8221;ABACO&#8221; link=&#8221;https:\/\/www.isaitaly.com\/it\/semilavorati-abaco\/&#8221; src=&#8221;https:\/\/www.isaitaly.com\/wp-content\/uploads\/2020\/07\/brand-abaco.jpg&#8221; _builder_version=&#8221;4.21.2&#8243; global_colors_info=&#8221;{}&#8221;]<\/p>\n<p>\u00c8 il brand della tecnologia del freddo per i semilavorati in acciaio inox specifici per l\u2019arredamento di bar, pasticcerie, gelaterie, gastronomie e laboratori, che permettono a designers ed architetti di progettare qualsiasi soluzione di layout secondo le diverse esigenze.<\/p>\n<p>[\/et_pb_c2i_banner_small][\/et_pb_column][\/et_pb_row][\/et_pb_section][et_pb_section fb_built=&#8221;1&#8243; _builder_version=&#8221;4.16&#8243; custom_margin=&#8221;0px||0px||false|false&#8221; custom_padding=&#8221;0px||0px||false|false&#8221; global_colors_info=&#8221;{}&#8221;][et_pb_row _builder_version=&#8221;4.16&#8243; width=&#8221;100%&#8221; custom_margin=&#8221;0px||0px||false|false&#8221; custom_padding=&#8221;0px||0px||false|false&#8221; global_colors_info=&#8221;{}&#8221;][et_pb_column type=&#8221;4_4&#8243; _builder_version=&#8221;4.16&#8243; global_colors_info=&#8221;{}&#8221;][et_pb_c2i_banner_small_sx titlesection=&#8221;Market&#8221; title=&#8221;Tasselli&#8221; link=&#8221;https:\/\/www.isaitaly.com\/it\/banchi-frigo-supermercati\/&#8221; src=&#8221;https:\/\/www.isaitaly.com\/wp-content\/uploads\/2020\/07\/brand-tasselli.jpg&#8221; _builder_version=&#8221;3.29.3&#8243; global_colors_info=&#8221;{}&#8221;]<\/p>\n<p>L\u2019azienda da oltre 60 anni arreda supermercati, ipermercati e retail, con molteplici tecnologie del freddo, specifiche per surgelati, formaggi, carni, frutta e verdura.<\/p>\n<p>[\/et_pb_c2i_banner_small_sx][\/et_pb_column][\/et_pb_row][\/et_pb_section]<\/p>\n","protected":false},"excerpt":{"rendered":"<p>[et_pb_c2i_breadcrumbs _builder_version=&#8221;3.29.3&#8243; global_colors_info=&#8221;{}&#8221;][\/et_pb_c2i_breadcrumbs]ISA nasce in Umbria,nel cuore dell\u2019Italia che fa moda, design e stile. Dal 1963 ISA produce nella sua regione e da l\u00ec distribuisce nel mondo vetrine refrigerate e arredamenti per locali pubblici.ISA opera sul mercato con cinque marchi: ISA, COF, TASSELLI, ABACO e HIZONE con un fatturato di oltre 120 milioni di euro [&hellip;]<\/p>\n","protected":false},"author":2,"featured_media":0,"parent":0,"menu_order":101,"comment_status":"closed","ping_status":"closed","template":"","meta":{"_et_pb_use_builder":"on","_et_pb_old_content":"","_et_gb_content_width":"","footnotes":""},"alberomarket":[],"class_list":["post-5408","page","type-page","status-publish","hentry"],"acf":[],"yoast_head":"<!-- This site is optimized with the Yoast SEO plugin v26.8 - https:\/\/yoast.com\/product\/yoast-seo-wordpress\/ -->\n<title>ISA SpA, Chi Siamo | ISA<\/title>\n<meta name=\"description\" content=\"ISA SpA nasce in Umbria e dal 1963 produce nella sua regione e distribuisce in tutto il mondo vetrine refrigerate e arredamenti per locali pubblici.\" \/>\n<meta name=\"robots\" content=\"index, follow, max-snippet:-1, max-image-preview:large, max-video-preview:-1\" \/>\n<link rel=\"canonical\" href=\"https:\/\/www.isaitaly.com\/it\/chi-siamo\/\" \/>\n<meta property=\"og:locale\" content=\"it_IT\" \/>\n<meta property=\"og:type\" content=\"article\" \/>\n<meta property=\"og:title\" content=\"ISA SpA, Chi Siamo | ISA\" \/>\n<meta property=\"og:description\" content=\"ISA SpA nasce in Umbria e dal 1963 produce nella sua regione e distribuisce in tutto il mondo vetrine refrigerate e arredamenti per locali pubblici.\" \/>\n<meta property=\"og:url\" content=\"https:\/\/www.isaitaly.com\/it\/chi-siamo\/\" \/>\n<meta property=\"og:site_name\" content=\"ISA\" \/>\n<meta property=\"article:modified_time\" content=\"2024-09-20T13:55:20+00:00\" \/>\n<meta name=\"twitter:card\" content=\"summary_large_image\" \/>\n<meta name=\"twitter:label1\" content=\"Tempo di lettura stimato\" \/>\n\t<meta name=\"twitter:data1\" content=\"7 minuti\" \/>\n<script type=\"application\/ld+json\" class=\"yoast-schema-graph\">{\"@context\":\"https:\/\/schema.org\",\"@graph\":[{\"@type\":\"WebPage\",\"@id\":\"https:\/\/www.isaitaly.com\/it\/chi-siamo\/\",\"url\":\"https:\/\/www.isaitaly.com\/it\/chi-siamo\/\",\"name\":\"ISA SpA, Chi Siamo | ISA\",\"isPartOf\":{\"@id\":\"https:\/\/www.isaitaly.com\/it\/#website\"},\"datePublished\":\"2018-11-08T07:52:46+00:00\",\"dateModified\":\"2024-09-20T13:55:20+00:00\",\"description\":\"ISA SpA nasce in Umbria e dal 1963 produce nella sua regione e distribuisce in tutto il mondo vetrine refrigerate e arredamenti per locali pubblici.\",\"breadcrumb\":{\"@id\":\"https:\/\/www.isaitaly.com\/it\/chi-siamo\/#breadcrumb\"},\"inLanguage\":\"it-IT\",\"potentialAction\":[{\"@type\":\"ReadAction\",\"target\":[\"https:\/\/www.isaitaly.com\/it\/chi-siamo\/\"]}]},{\"@type\":\"BreadcrumbList\",\"@id\":\"https:\/\/www.isaitaly.com\/it\/chi-siamo\/#breadcrumb\",\"itemListElement\":[{\"@type\":\"ListItem\",\"position\":1,\"name\":\"Home\",\"item\":\"https:\/\/www.isaitaly.com\/it\/\"},{\"@type\":\"ListItem\",\"position\":2,\"name\":\"Chi siamo\"}]},{\"@type\":\"WebSite\",\"@id\":\"https:\/\/www.isaitaly.com\/it\/#website\",\"url\":\"https:\/\/www.isaitaly.com\/it\/\",\"name\":\"ISA\",\"description\":\"\",\"potentialAction\":[{\"@type\":\"SearchAction\",\"target\":{\"@type\":\"EntryPoint\",\"urlTemplate\":\"https:\/\/www.isaitaly.com\/it\/?s={search_term_string}\"},\"query-input\":{\"@type\":\"PropertyValueSpecification\",\"valueRequired\":true,\"valueName\":\"search_term_string\"}}],\"inLanguage\":\"it-IT\"}]}<\/script>\n<!-- \/ Yoast SEO plugin. -->","yoast_head_json":{"title":"ISA SpA, Chi Siamo | ISA","description":"ISA SpA nasce in Umbria e dal 1963 produce nella sua regione e distribuisce in tutto il mondo vetrine refrigerate e arredamenti per locali pubblici.","robots":{"index":"index","follow":"follow","max-snippet":"max-snippet:-1","max-image-preview":"max-image-preview:large","max-video-preview":"max-video-preview:-1"},"canonical":"https:\/\/www.isaitaly.com\/it\/chi-siamo\/","og_locale":"it_IT","og_type":"article","og_title":"ISA SpA, Chi Siamo | ISA","og_description":"ISA SpA nasce in Umbria e dal 1963 produce nella sua regione e distribuisce in tutto il mondo vetrine refrigerate e arredamenti per locali pubblici.","og_url":"https:\/\/www.isaitaly.com\/it\/chi-siamo\/","og_site_name":"ISA","article_modified_time":"2024-09-20T13:55:20+00:00","twitter_card":"summary_large_image","twitter_misc":{"Tempo di lettura stimato":"7 minuti"},"schema":{"@context":"https:\/\/schema.org","@graph":[{"@type":"WebPage","@id":"https:\/\/www.isaitaly.com\/it\/chi-siamo\/","url":"https:\/\/www.isaitaly.com\/it\/chi-siamo\/","name":"ISA SpA, Chi Siamo | ISA","isPartOf":{"@id":"https:\/\/www.isaitaly.com\/it\/#website"},"datePublished":"2018-11-08T07:52:46+00:00","dateModified":"2024-09-20T13:55:20+00:00","description":"ISA SpA nasce in Umbria e dal 1963 produce nella sua regione e distribuisce in tutto il mondo vetrine refrigerate e arredamenti per locali pubblici.","breadcrumb":{"@id":"https:\/\/www.isaitaly.com\/it\/chi-siamo\/#breadcrumb"},"inLanguage":"it-IT","potentialAction":[{"@type":"ReadAction","target":["https:\/\/www.isaitaly.com\/it\/chi-siamo\/"]}]},{"@type":"BreadcrumbList","@id":"https:\/\/www.isaitaly.com\/it\/chi-siamo\/#breadcrumb","itemListElement":[{"@type":"ListItem","position":1,"name":"Home","item":"https:\/\/www.isaitaly.com\/it\/"},{"@type":"ListItem","position":2,"name":"Chi siamo"}]},{"@type":"WebSite","@id":"https:\/\/www.isaitaly.com\/it\/#website","url":"https:\/\/www.isaitaly.com\/it\/","name":"ISA","description":"","potentialAction":[{"@type":"SearchAction","target":{"@type":"EntryPoint","urlTemplate":"https:\/\/www.isaitaly.com\/it\/?s={search_term_string}"},"query-input":{"@type":"PropertyValueSpecification","valueRequired":true,"valueName":"search_term_string"}}],"inLanguage":"it-IT"}]}},"_links":{"self":[{"href":"https:\/\/www.isaitaly.com\/it\/wp-json\/wp\/v2\/pages\/5408","targetHints":{"allow":["GET"]}}],"collection":[{"href":"https:\/\/www.isaitaly.com\/it\/wp-json\/wp\/v2\/pages"}],"about":[{"href":"https:\/\/www.isaitaly.com\/it\/wp-json\/wp\/v2\/types\/page"}],"author":[{"embeddable":true,"href":"https:\/\/www.isaitaly.com\/it\/wp-json\/wp\/v2\/users\/2"}],"replies":[{"embeddable":true,"href":"https:\/\/www.isaitaly.com\/it\/wp-json\/wp\/v2\/comments?post=5408"}],"version-history":[{"count":212,"href":"https:\/\/www.isaitaly.com\/it\/wp-json\/wp\/v2\/pages\/5408\/revisions"}],"predecessor-version":[{"id":119682,"href":"https:\/\/www.isaitaly.com\/it\/wp-json\/wp\/v2\/pages\/5408\/revisions\/119682"}],"wp:attachment":[{"href":"https:\/\/www.isaitaly.com\/it\/wp-json\/wp\/v2\/media?parent=5408"}],"wp:term":[{"taxonomy":"alberomarket","embeddable":true,"href":"https:\/\/www.isaitaly.com\/it\/wp-json\/wp\/v2\/alberomarket?post=5408"}],"curies":[{"name":"wp","href":"https:\/\/api.w.org\/{rel}","templated":true}]}}