{"id":114133,"date":"2024-05-10T16:22:52","date_gmt":"2024-05-10T14:22:52","guid":{"rendered":"https:\/\/www.isaitaly.com\/?page_id=114133"},"modified":"2024-08-21T15:38:05","modified_gmt":"2024-08-21T13:38:05","slug":"gas-refrigeranti-naturali","status":"publish","type":"page","link":"https:\/\/www.isaitaly.com\/it\/gas-refrigeranti-naturali\/","title":{"rendered":"Sostenibilit\u00e0"},"content":{"rendered":"<p>[et_pb_section fb_built=&#8221;1&#8243; fullwidth=&#8221;on&#8221; disabled_on=&#8221;on|on|on&#8221; _builder_version=&#8221;4.16&#8243; disabled=&#8221;on&#8221; locked=&#8221;off&#8221; global_colors_info=&#8221;{}&#8221;][et_pb_fullwidth_image src=&#8221;https:\/\/www.isaitaly.com\/wp-content\/uploads\/2024\/05\/Sostenibilita_mani-2.jpg&#8221; title_text=&#8221;Sostenibilit\u00e0_mani&#8221; _builder_version=&#8221;4.21.2&#8243; border_color_all=&#8221;#ffffff&#8221; use_border_color=&#8221;on&#8221; border_width=&#8221;0px&#8221; global_colors_info=&#8221;{}&#8221;][\/et_pb_fullwidth_image][\/et_pb_section][et_pb_section fb_built=&#8221;1&#8243; _builder_version=&#8221;4.16&#8243; _module_preset=&#8221;default&#8221; global_colors_info=&#8221;{}&#8221;][et_pb_row column_structure=&#8221;1_2,1_2&#8243; disabled_on=&#8221;on|on|on&#8221; _builder_version=&#8221;4.16&#8243; _module_preset=&#8221;default&#8221; custom_padding=&#8221;0px||0px||false|false&#8221; disabled=&#8221;on&#8221; global_colors_info=&#8221;{}&#8221;][et_pb_column type=&#8221;1_2&#8243; _builder_version=&#8221;4.16&#8243; _module_preset=&#8221;default&#8221; global_colors_info=&#8221;{}&#8221;][et_pb_isa_prodotto_immagine image=&#8221;https:\/\/www.isaitaly.com\/wp-content\/uploads\/2024\/05\/Hero-image_pic.png&#8221; admin_label=&#8221;IMMAGINE TERRA&#8221; _builder_version=&#8221;4.21.2&#8243; _module_preset=&#8221;default&#8221; global_colors_info=&#8221;{}&#8221;][\/et_pb_isa_prodotto_immagine][\/et_pb_column][et_pb_column type=&#8221;1_2&#8243; _builder_version=&#8221;4.16&#8243; _module_preset=&#8221;default&#8221; global_colors_info=&#8221;{}&#8221;][et_pb_divider show_divider=&#8221;off&#8221; _builder_version=&#8221;4.21.2&#8243; _module_preset=&#8221;default&#8221; global_colors_info=&#8221;{}&#8221;][\/et_pb_divider][et_pb_isa_prodotto_titolo title=&#8221;Sostenibili s\u00ec, ma perch\u00e8?&#8221; subtitle=&#8221;Essere sostenibili \u00e8 una scelta&#8221; admin_label=&#8221;Sostenibili s\u00ec, ma perch\u00e8?&#8221; _builder_version=&#8221;4.21.2&#8243; locked=&#8221;off&#8221; global_colors_info=&#8221;{}&#8221;][\/et_pb_isa_prodotto_titolo][\/et_pb_column][\/et_pb_row][et_pb_row _builder_version=&#8221;4.16&#8243; _module_preset=&#8221;default&#8221; global_colors_info=&#8221;{}&#8221;][et_pb_column type=&#8221;4_4&#8243; _builder_version=&#8221;4.16&#8243; _module_preset=&#8221;default&#8221; global_colors_info=&#8221;{}&#8221;][et_pb_c2i_breadcrumbs _builder_version=&#8221;4.6.3&#8243; _module_preset=&#8221;default&#8221; global_colors_info=&#8221;{}&#8221;][\/et_pb_c2i_breadcrumbs][\/et_pb_column][\/et_pb_row][et_pb_row _builder_version=&#8221;4.21.2&#8243; _module_preset=&#8221;default&#8221; global_colors_info=&#8221;{}&#8221;][et_pb_column type=&#8221;4_4&#8243; _builder_version=&#8221;4.21.2&#8243; _module_preset=&#8221;default&#8221; global_colors_info=&#8221;{}&#8221;][et_pb_isa_prodotto_box_doppio imagesx=&#8221;https:\/\/www.isaitaly.com\/wp-content\/uploads\/2024\/05\/Hero-image_pic_2.png&#8221; descdx=&#8221;<\/p>\n<h1> <\/h1>\n<h1> <\/h1>\n<h1>Sostenibili s\u00ec, ma perch\u00e9?<\/h1>\n<p>Essere sostenibili \u00e8 una scelta<\/p>\n<p>&#8221; textbigdx=&#8221;on&#8221; _builder_version=&#8221;4.21.2&#8243; _module_preset=&#8221;default&#8221; global_colors_info=&#8221;{}&#8221;][\/et_pb_isa_prodotto_box_doppio][\/et_pb_column][\/et_pb_row][et_pb_row disabled_on=&#8221;on|on|on&#8221; _builder_version=&#8221;4.21.2&#8243; _module_preset=&#8221;default&#8221; disabled=&#8221;on&#8221; global_colors_info=&#8221;{}&#8221;][et_pb_column type=&#8221;4_4&#8243; _builder_version=&#8221;4.21.2&#8243; _module_preset=&#8221;default&#8221; global_colors_info=&#8221;{}&#8221;][et_pb_image src=&#8221;https:\/\/www.isaitaly.com\/wp-content\/uploads\/2024\/05\/ico_so.jpg&#8221; title_text=&#8221;ico_so&#8221; align=&#8221;center&#8221; _builder_version=&#8221;4.21.2&#8243; _module_preset=&#8221;default&#8221; global_colors_info=&#8221;{}&#8221;][\/et_pb_image][\/et_pb_column][\/et_pb_row][et_pb_row custom_padding_last_edited=&#8221;on|phone&#8221; _builder_version=&#8221;4.16&#8243; _module_preset=&#8221;default&#8221; custom_padding_tablet=&#8221;&#8221; custom_padding_phone=&#8221;||0px||false|false&#8221; global_colors_info=&#8221;{}&#8221;][et_pb_column type=&#8221;4_4&#8243; _builder_version=&#8221;4.16&#8243; _module_preset=&#8221;default&#8221; global_colors_info=&#8221;{}&#8221;][et_pb_isa_prodotto_testo title=&#8221;Essere sostenibili \u00e8 una scelta che si compie ogni giorno&#8221; selection=&#8221;H1&#8243; desc=&#8221;<\/p>\n<p>Tutti lo dicono. Alcuni lo fanno davvero. Noi siamo tra questi e non da ieri ma da oltre 30 anni, a partire dal Protocollo di Montreal, che ha stabilito l\u2019inutilizzabilit\u00e0 di sostanze nocive per l\u2019ambiente e per l\u2019atmosfera e poi gli accordi di Kyoto, uno dei pi\u00f9 importanti strumenti giuridici internazionali volti a combattere i cambiamenti climatici. E da allora che ISA ha iniziato la trasformazione per uno sviluppo all\u2019insegna del rispetto dell\u2019ambiente.<\/p>\n<p>&#8221; admin_label=&#8221;Essere sostenibili \u00e8 una scelta che si compie ogni giorno&#8221; module_class=&#8221;interesse-smartflex&#8221; _builder_version=&#8221;4.21.2&#8243; _module_preset=&#8221;default&#8221; global_colors_info=&#8221;{}&#8221;][\/et_pb_isa_prodotto_testo][\/et_pb_column][\/et_pb_row][\/et_pb_section][et_pb_section fb_built=&#8221;1&#8243; disabled_on=&#8221;off|off|off&#8221; _builder_version=&#8221;4.16&#8243; _module_preset=&#8221;default&#8221; global_colors_info=&#8221;{}&#8221;][et_pb_row use_custom_gutter=&#8221;on&#8221; gutter_width=&#8221;1&#8243; disabled_on=&#8221;off|off|off&#8221; _builder_version=&#8221;4.16&#8243; _module_preset=&#8221;default&#8221; width=&#8221;100%&#8221; custom_padding=&#8221;||0px||false|false&#8221; global_colors_info=&#8221;{}&#8221;][et_pb_column type=&#8221;4_4&#8243; _builder_version=&#8221;4.16&#8243; _module_preset=&#8221;default&#8221; global_colors_info=&#8221;{}&#8221;][et_pb_isa_prodotto_immagine image=&#8221;https:\/\/www.isaitaly.com\/wp-content\/uploads\/2024\/05\/mondo_verde.jpg&#8221; admin_label=&#8221;IMMAGINE TERRA&#8221; _builder_version=&#8221;4.21.2&#8243; _module_preset=&#8221;default&#8221; global_colors_info=&#8221;{}&#8221;][\/et_pb_isa_prodotto_immagine][et_pb_divider show_divider=&#8221;off&#8221; _builder_version=&#8221;4.21.2&#8243; _module_preset=&#8221;default&#8221; global_colors_info=&#8221;{}&#8221;][\/et_pb_divider][\/et_pb_column][\/et_pb_row][\/et_pb_section][et_pb_section fb_built=&#8221;1&#8243; _builder_version=&#8221;4.21.2&#8243; _module_preset=&#8221;default&#8221; global_colors_info=&#8221;{}&#8221;][et_pb_row _builder_version=&#8221;4.21.2&#8243; _module_preset=&#8221;default&#8221; global_colors_info=&#8221;{}&#8221;][et_pb_column type=&#8221;4_4&#8243; _builder_version=&#8221;4.21.2&#8243; _module_preset=&#8221;default&#8221; global_colors_info=&#8221;{}&#8221;][et_pb_isa_prodotto_testo title=&#8221;%22Siamo stati precursori nel capire l\u2019importanza di preoccuparsi delle questioni ambientali e della riduzione dei consumi energetici.%22&#8243; titlecenter=&#8221;on&#8221; selection=&#8221;H2&#8243; _builder_version=&#8221;4.21.2&#8243; _module_preset=&#8221;default&#8221; global_colors_info=&#8221;{}&#8221;][\/et_pb_isa_prodotto_testo][\/et_pb_column][\/et_pb_row][\/et_pb_section][et_pb_section fb_built=&#8221;1&#8243; _builder_version=&#8221;4.21.2&#8243; _module_preset=&#8221;default&#8221; background_color=&#8221;#d9e5cf&#8221; global_colors_info=&#8221;{}&#8221;][et_pb_row _builder_version=&#8221;4.21.2&#8243; _module_preset=&#8221;default&#8221; background_color=&#8221;#d9e5cf&#8221; global_colors_info=&#8221;{}&#8221;][et_pb_column type=&#8221;4_4&#8243; _builder_version=&#8221;4.21.2&#8243; _module_preset=&#8221;default&#8221; background_color=&#8221;#d9e5cf&#8221; global_colors_info=&#8221;{}&#8221;][et_pb_isa_prodotto_box_doppio descsx=&#8221;<\/p>\n<h4> <\/h4>\n<h4> <\/h4>\n<h4><em>Carlo Giulietti &#8211; Presidente ISA S.p.A.<\/em><\/h4>\n<\/p>\n<p><em>\u201cNon c\u2019era nessun obbligo negli anni \u201990, ma la nostra sensibilit\u00e0 sui temi della sostenibilit\u00e0 ci ha portato, spesso, ad anticipare il quadro normativo di riferimento. Cos\u00ec siamo stati precursori nel capire l\u2019importanza di preoccuparsi delle questioni ambientali e della riduzione dei consumi energetici. Prende forma Ecology Project, un programma di sostenibilit\u00e0 ambientale ecocompatibile che prevedeva la realizzazione di prodotti con una termodinamica efficiente ed equilibrata unita al design moderno e innovativo\u201d.<\/em><\/p>\n<h3> <\/h3>\n<h4> <\/h4>\n<p>&#8221; spaziaturasx=&#8221;Piccola&#8221; spaziaturadx=&#8221;Piccola&#8221; bggray=&#8221;on&#8221; imagedx=&#8221;https:\/\/www.isaitaly.com\/wp-content\/uploads\/2024\/05\/Vision_sostenibilita_pic.jpg&#8221; admin_label=&#8221;\u201cSiamo stati precursori nel capire l\u2019importanza&#8221; _builder_version=&#8221;4.21.2&#8243; locked=&#8221;off&#8221; global_colors_info=&#8221;{}&#8221;][\/et_pb_isa_prodotto_box_doppio][\/et_pb_column][\/et_pb_row][\/et_pb_section][et_pb_section fb_built=&#8221;1&#8243; _builder_version=&#8221;4.21.2&#8243; _module_preset=&#8221;default&#8221; global_colors_info=&#8221;{}&#8221;][et_pb_row custom_padding_last_edited=&#8221;on|phone&#8221; _builder_version=&#8221;4.16&#8243; _module_preset=&#8221;default&#8221; custom_padding_tablet=&#8221;&#8221; custom_padding_phone=&#8221;||0px||false|false&#8221; global_colors_info=&#8221;{}&#8221;][et_pb_column type=&#8221;4_4&#8243; _builder_version=&#8221;4.16&#8243; _module_preset=&#8221;default&#8221; global_colors_info=&#8221;{}&#8221;][et_pb_isa_prodotto_testo title=&#8221;Ci presentiamo: chi \u00e8 ISA&#8221; titlecenter=&#8221;on&#8221; selection=&#8221;H2&#8243; subtitle=&#8221;Crediamo nella responsabilit\u00e0 vissuta in prima persona. Abbiamo sempre anticipato il futuro. E i numeri ci hanno dato ragione.&#8221; subtitlecenter=&#8221;on&#8221; selectionsub=&#8221;H3&#8243; desc=&#8221;<\/p>\n<p>Siamo un\u2019azienda tutta italiana, con le radici ben piantate in Umbria. Abbiamo compiuto sessant\u2019anni nel 2023.<\/p>\n<p>Siamo partiti quasi dal nulla: la nostra prima sede era di 65 metri quadrati. Oggi lavorano con noi oltre 700 tra donne e uomini. Su un\u2019area di 280.000 metri quadrati prende forma la nostra sede che comprende gli impianti di produzione, la logistica, uffici, show-room espositivo e museo aziendale. Con i nostri cinque marchi, ISA, COF, Tasselli, Hizone e Abaco, produciamo e distribuiamo in <b>120 Paesi del mondo <\/b>soluzioni refrigerate e arredamenti per bar, gelaterie, pasticcerie, ristoranti, gastronomie, laboratori alimentari, supermercati e grande distribuzione.<\/p>\n<p>&#8221; admin_label=&#8221;Ci presentiamo: chi \u00e8 ISA&#8221; module_class=&#8221;interesse-smartflex&#8221; _builder_version=&#8221;4.21.2&#8243; _module_preset=&#8221;default&#8221; global_colors_info=&#8221;{}&#8221;][\/et_pb_isa_prodotto_testo][et_pb_isa_prodotto_immagine image=&#8221;https:\/\/www.isaitaly.com\/wp-content\/uploads\/2018\/11\/isa_azienda_chi_siamo.jpg&#8221; admin_label=&#8221;ISA Prodotto Immagine&#8221; _builder_version=&#8221;4.21.2&#8243; _module_preset=&#8221;default&#8221; global_colors_info=&#8221;{}&#8221;][\/et_pb_isa_prodotto_immagine][et_pb_isa_prodotto_testo titlecenter=&#8221;on&#8221; selection=&#8221;H2&#8243; subtitlecenter=&#8221;on&#8221; selectionsub=&#8221;H3&#8243; desc=&#8221;<\/p>\n<h3> <\/h3>\n<h3><em>\u201cAbbiamo una visione inclusiva della sostenibilit\u00e0 che comprende gli aspetti economici, sociali e ambientali. Per questa ragione lavoriamo con grande attenzione alla crescita delle persone anche attraverso una Academy interna che si occupa proprio di offrire ai collaboratori una formazione sotto il profilo delle competenze trasversali. Siamo convinti che le aziende crescono solo se insieme a loro anche le persone crescono\u201d<\/em><\/h3>\n<h3><em>Marco Giulietti &#8211; Vicepresidente di ISA S.p.A.<\/em><\/h3>\n<p>&#8221; admin_label=&#8221;Ci presentiamo: chi \u00e8 ISA&#8221; module_class=&#8221;interesse-smartflex&#8221; _builder_version=&#8221;4.21.2&#8243; _module_preset=&#8221;default&#8221; global_colors_info=&#8221;{}&#8221;][\/et_pb_isa_prodotto_testo][\/et_pb_column][\/et_pb_row][\/et_pb_section][et_pb_section fb_built=&#8221;1&#8243; _builder_version=&#8221;4.21.2&#8243; _module_preset=&#8221;default&#8221; background_color=&#8221;#d9e5cf&#8221; global_colors_info=&#8221;{}&#8221;][et_pb_row custom_padding_last_edited=&#8221;on|phone&#8221; _builder_version=&#8221;4.16&#8243; _module_preset=&#8221;default&#8221; custom_padding_tablet=&#8221;&#8221; custom_padding_phone=&#8221;||0px||false|false&#8221; global_colors_info=&#8221;{}&#8221;][et_pb_column type=&#8221;4_4&#8243; _builder_version=&#8221;4.16&#8243; _module_preset=&#8221;default&#8221; global_colors_info=&#8221;{}&#8221;][et_pb_isa_prodotto_testo title=&#8221;Cosa facciamo per la sostenibilit\u00e0&#8221; titlecenter=&#8221;on&#8221; selection=&#8221;H1&#8243; selectionsub=&#8221;H3&#8243; admin_label=&#8221;Cosa facciamo per la sostenibilit\u00e0&#8221; module_class=&#8221;interesse-smartflex&#8221; _builder_version=&#8221;4.21.2&#8243; _module_preset=&#8221;default&#8221; global_colors_info=&#8221;{}&#8221;][\/et_pb_isa_prodotto_testo][\/et_pb_column][\/et_pb_row][et_pb_row custom_padding_last_edited=&#8221;on|phone&#8221; _builder_version=&#8221;4.21.2&#8243; _module_preset=&#8221;default&#8221; custom_padding_tablet=&#8221;&#8221; custom_padding_phone=&#8221;||0px||false|false&#8221; global_colors_info=&#8221;{}&#8221;][et_pb_column type=&#8221;4_4&#8243; _builder_version=&#8221;4.16&#8243; _module_preset=&#8221;default&#8221; global_colors_info=&#8221;{}&#8221;][et_pb_isa_prodotto_box_triplo imagesx=&#8221;https:\/\/www.isaitaly.com\/wp-content\/uploads\/2024\/05\/logo_2.png&#8221; descdx=&#8221;<\/p>\n<p>Da oltre 15 anni ISA utilizza <em>refrigeranti naturali <\/em>che rappresentano un&#8217;alternativa ecologica ai refrigeranti fluorurati.<\/p>\n<p>&#8221; listadx=&#8221;on&#8221; desccx=&#8221;<\/p>\n<h3>Partiamo dai Gas Fluorurati<\/h3>\n<p>Quelli impiegati nelle macchine del freddo. Che ben conosciamo e che sono sotto accusa. Il riscaldamento globale \u00e8 sotto i nostri occhi. L\u2019effetto serra minaccia la vita sul pianeta. Non \u00e8 catastrofismo, \u00e8 cronaca quotidiana.<br \/>\u00c8 necessario ridurre il prima possibile l\u2019emissione delle sostanze responsabili di questo effetto deleterio. Tra queste vi sono anche molti dei gas fluorurati (F Gas), largamente utilizzati nell\u2019ambito della refrigerazione commerciale e industriale, che hanno un impatto negativo nell\u2019atmosfera. La loro pericolosit\u00e0 \u00e8 espressa da un particolare parametro, il GWP \u2014 Global Warming Potential \u2014 che esprime proprio la capacit\u00e0 di ognuno di questi gas di riscaldare l\u2019atmosfera.<br \/>Le direttive europee hanno messo al bando quelli pi\u00f9 inquinanti, che saranno totalmente vietati entro il 2030. I prodotti che li impiegano sono destinati a una rapida obsolescenza.<\/p>\n<h4>Da oltre 15 anni ISA utilizza refrigeranti naturali<\/h4>\n<p>(in particolare R290 \u2014 propano \u2014 e R744 \u2014 Co2), che rappresentano un\u2019alternativa ecologica ai refrigeranti fluorurati. Hanno un impatto irrilevante sull\u2019effetto serra, non sono n\u00e9 tossici, n\u00e9 infiammabili e presentano un GWP estremamente basso.<\/p>\n<p>&#8221; spaziaturacx=&#8221;Piccola&#8221; admin_label=&#8221;Partiamo dai Gas Fluorurati&#8221; _builder_version=&#8221;4.21.2&#8243; _module_preset=&#8221;default&#8221; global_colors_info=&#8221;{}&#8221;][\/et_pb_isa_prodotto_box_triplo][\/et_pb_column][\/et_pb_row][\/et_pb_section][et_pb_section fb_built=&#8221;1&#8243; disabled_on=&#8221;off|off|off&#8221; _builder_version=&#8221;4.21.2&#8243; _module_preset=&#8221;default&#8221; background_color=&#8221;#d9e5cf&#8221; global_colors_info=&#8221;{}&#8221;][et_pb_row custom_padding_last_edited=&#8221;on|phone&#8221; _builder_version=&#8221;4.21.2&#8243; _module_preset=&#8221;default&#8221; background_enable_color=&#8221;off&#8221; custom_padding_tablet=&#8221;&#8221; custom_padding_phone=&#8221;||0px||false|false&#8221; global_colors_info=&#8221;{}&#8221;][et_pb_column type=&#8221;4_4&#8243; _builder_version=&#8221;4.21.2&#8243; _module_preset=&#8221;default&#8221; background_color=&#8221;#d9e5cf&#8221; global_colors_info=&#8221;{}&#8221;][et_pb_video src=&#8221;https:\/\/www.isaitaly.com\/wp-content\/uploads\/2024\/07\/ISA_VIDEO-NUOVO.mp4&#8243; image_src=&#8221;https:\/\/www.isaitaly.com\/wp-content\/uploads\/2024\/06\/Copertina_2.jpg&#8221; _builder_version=&#8221;4.21.2&#8243; _module_preset=&#8221;default&#8221; custom_margin=&#8221;5px|15px|15px|15px|false|false&#8221; border_radii=&#8221;on|10px|10px|10px|10px&#8221; global_colors_info=&#8221;{}&#8221;][\/et_pb_video][\/et_pb_column][\/et_pb_row][\/et_pb_section][et_pb_section fb_built=&#8221;1&#8243; _builder_version=&#8221;4.21.2&#8243; _module_preset=&#8221;default&#8221; background_color=&#8221;#d9e5cf&#8221; global_colors_info=&#8221;{}&#8221;][et_pb_row custom_padding_last_edited=&#8221;on|phone&#8221; _builder_version=&#8221;4.21.2&#8243; _module_preset=&#8221;default&#8221; background_color=&#8221;#d9e5cf&#8221; custom_padding_tablet=&#8221;&#8221; custom_padding_phone=&#8221;||0px||false|false&#8221; global_colors_info=&#8221;{}&#8221;][et_pb_column type=&#8221;4_4&#8243; _builder_version=&#8221;4.16&#8243; _module_preset=&#8221;default&#8221; global_colors_info=&#8221;{}&#8221;][et_pb_isa_prodotto_box_triplo descsx=&#8221;<\/p>\n<p>il 40% di energia elettrica acquistata proviene da fonti rinnovabili.<\/p>\n<p>Stiamo lavorando per raggiungere l&#8217;obiettivo Net Zero nel 2030<\/p>\n<p>&#8221; imagesx=&#8221;https:\/\/www.isaitaly.com\/wp-content\/uploads\/2024\/05\/logo_3.png&#8221; descdx=&#8221;<\/p>\n<p>il 40% di energia elettrica<br \/>acquistata proviene da<br \/>fonti rinnovabili.<\/p>\n<p>&#8221; listadx=&#8221;on&#8221; desccx=&#8221;<\/p>\n<h3>Tutta l&#8217;energia che impieghiamo deve essere pulita<\/h3>\n<p>Stiamo lavorando per raggiungere l\u2019obiettivo Net Zero nel 2030.<\/p>\n<p>Cosa significa? Significa che le emissioni di gas a effetto serra prodotte dalla nostra attivit\u00e0 vengono gradualmente ridotte al minimo.<\/p>\n<h4>Il cammino \u00e8 lungo, ma noi abbiamo gi\u00e0 iniziato:<\/h4>\n<p>Miglioriamo ogni giorno le prestazioni energetiche dei nostri prodotti e l\u2019impatto del loro ciclo di vita.<\/p>\n<p>Il nostro impianto fotovoltaico copre il 35% del fabbisogno di energia elettrica. Il 40% di energia elettrica acquistata proviene da fonti rinnovabili.<\/p>\n<p>La nostra produzione \u00e8 realizzata con impianti efficienti in un ambiente produttivo che utilizza illuminazione a led modulata e riscaldamento a pavimento.<\/p>\n<p>E per rendere ancora pi\u00f9 concreto questo obiettivo, ISA quantifica e monitora le proprie emissioni in termini di Scope 1 \u2013 2 \u2013 3 secondo la metodologia di calcolo del Greenhouse Gas Protocol. Questi esprimono il quadro di riferimento globale per la misurazione e la gestione delle emissioni di gas a effetto serra derivanti dall\u2019attivit\u00e0 industriale.<\/p>\n<p>&#8221; spaziaturacx=&#8221;Piccola&#8221; admin_label=&#8221;TUTTA L\u2019ENERGIA CHE IMPIEGHIAMO DEVE ESSERE PULITA.&#8221; _builder_version=&#8221;4.21.2&#8243; _module_preset=&#8221;default&#8221; global_colors_info=&#8221;{}&#8221;][\/et_pb_isa_prodotto_box_triplo][\/et_pb_column][\/et_pb_row][\/et_pb_section][et_pb_section fb_built=&#8221;1&#8243; _builder_version=&#8221;4.21.2&#8243; _module_preset=&#8221;default&#8221; background_color=&#8221;#d9e5cf&#8221; global_colors_info=&#8221;{}&#8221;][et_pb_row custom_padding_last_edited=&#8221;on|phone&#8221; _builder_version=&#8221;4.16&#8243; _module_preset=&#8221;default&#8221; custom_padding_tablet=&#8221;&#8221; custom_padding_phone=&#8221;||0px||false|false&#8221; global_colors_info=&#8221;{}&#8221;][et_pb_column type=&#8221;4_4&#8243; _builder_version=&#8221;4.16&#8243; _module_preset=&#8221;default&#8221; global_colors_info=&#8221;{}&#8221;][et_pb_isa_prodotto_box_triplo imagesx=&#8221;https:\/\/www.isaitaly.com\/wp-content\/uploads\/2024\/05\/logo_1.png&#8221; descdx=&#8221;<\/p>\n<p>il 45% di materiali riciclati<\/p>\n<p>Indice di riciclo al 90\/95%<\/p>\n<p>&#8221; listadx=&#8221;on&#8221; desccx=&#8221;<\/p>\n<h3>Design e innovazione per la sfida della sostenibilit\u00e0<\/h3>\n<p style=%22text-align: left;%22>Giugiaro, Citterio, Silvestrini, Gae Aulenti.<\/p>\n<p>Sono alcune delle firme internazionali del design italiano che hanno collaborato con noi di ISA per innovare e creare prodotti che hanno settato nuovi trend nel mercato.<\/p>\n<h4 style=%22text-align: left;%22>Il design dei prodotti ISA ha contribuito anche alla sfida della sostenibilit\u00e0:<\/h4>\n<p>Passando dal 35% al 45% di materiali riciclati<\/p>\n<p>Incrementando l\u2019indice di riciclo (che misura la facilit\u00e0 di riciclo e riuso) dal 80\/85% al 90\/95%<\/p>\n<p>Aumentando la durabilit\u00e0 dei prodotti grazie al progetto di servizi, come l\u2019estensione della garanzia o la possibilit\u00e0 di aggiornare le macchine<\/p>\n<h4> <\/h4>\n<h4> <\/h4>\n<h4 style=%22text-align: left;%22>Anche l\u2019innovazione ha un ruolo importante per sviluppare prodotti connessi e sempre pi\u00f9 digitali per aumentarne l\u2019efficienza e diminuire le esigenze di manutenzione.<\/h4>\n<p><strong>Power Unit<\/strong>, un involucro in cui \u00e8 concentrata tutta la parte tecnica che pu\u00f2 essere facilmente installata e rimossa dal banco frigo. Questo consente di aggiornare e riutilizzare le parti tecniche senza dover cambiare l\u2019intero arredo.<\/p>\n<p><strong>ISA Connect<\/strong>, una tecnologia applica alla vasta gamma di prodotti e soluzioni ISA consente di avere il monitoraggio da remoto, 24\/7 tutto l\u2019anno, delle principali funzioni.<\/p>\n<p>&#8221; spaziaturacx=&#8221;Piccola&#8221; admin_label=&#8221;Design e innovazione per la sfida della sostenibilit\u00e0&#8221; _builder_version=&#8221;4.21.2&#8243; _module_preset=&#8221;default&#8221; global_colors_info=&#8221;{}&#8221;][\/et_pb_isa_prodotto_box_triplo][\/et_pb_column][\/et_pb_row][\/et_pb_section][et_pb_section fb_built=&#8221;1&#8243; _builder_version=&#8221;4.21.2&#8243; _module_preset=&#8221;default&#8221; background_color=&#8221;#d9e5cf&#8221; global_colors_info=&#8221;{}&#8221;][et_pb_row custom_padding_last_edited=&#8221;on|phone&#8221; admin_label=&#8221;Riga&#8221; _builder_version=&#8221;4.21.2&#8243; _module_preset=&#8221;default&#8221; custom_padding_tablet=&#8221;&#8221; custom_padding_phone=&#8221;||0px||false|false&#8221; global_colors_info=&#8221;{}&#8221;][et_pb_column type=&#8221;4_4&#8243; _builder_version=&#8221;4.16&#8243; _module_preset=&#8221;default&#8221; global_colors_info=&#8221;{}&#8221;][et_pb_isa_prodotto_box_triplo imagesx=&#8221;https:\/\/www.isaitaly.com\/wp-content\/uploads\/2024\/05\/logo_4.png&#8221; descdx=&#8221;<\/p>\n<p>Una volont\u00e0 che esprimiamo con i nostri prodotti, ma soprattutto con le nostre idee e le nostre scelte. Questo fa la differenza.<\/p>\n<p>&#8221; listadx=&#8221;on&#8221; desccx=&#8221;<\/p>\n<h3>Intorno a noi vogliamo una community positiva, solidale, motivata.<\/h3>\n<p>Lavoriamo per creare intorno a noi una rete stretta e forte di persone positive, solidali, motivate: a partire dai nostri dipendenti ai partner di filiera, fino al pi\u00f9 lontano dei clienti.<\/p>\n<p>Un\u2019utopia? Forse. Ma, come scrisse Adriano Olivetti, \u201cspesso il termine utopia \u00e8 la maniera pi\u00f9 comoda per liquidare quello che non si ha voglia, capacit\u00e0 o coraggio di fare. Un sogno sembra un sogno fino a quando non si comincia a lavorarci. E allora pu\u00f2 diventare qualcosa di infinitamente pi\u00f9 grande.\u201d<\/p>\n<p>&#8221; spaziaturacx=&#8221;Piccola&#8221; admin_label=&#8221;Intorno a noi vogliamo una community positiva, solidale, motivata.&#8221; _builder_version=&#8221;4.21.2&#8243; _module_preset=&#8221;default&#8221; global_colors_info=&#8221;{}&#8221;][\/et_pb_isa_prodotto_box_triplo][\/et_pb_column][\/et_pb_row][et_pb_row _builder_version=&#8221;4.21.2&#8243; _module_preset=&#8221;default&#8221; global_colors_info=&#8221;{}&#8221;][et_pb_column type=&#8221;4_4&#8243; _builder_version=&#8221;4.21.2&#8243; _module_preset=&#8221;default&#8221; global_colors_info=&#8221;{}&#8221;][et_pb_isa_prodotto_immagine image=&#8221;https:\/\/www.isaitaly.com\/wp-content\/uploads\/2024\/05\/Sostenibilita_mani-2.jpg&#8221; admin_label=&#8221;IMMAGINE TERRA&#8221; _builder_version=&#8221;4.21.2&#8243; _module_preset=&#8221;default&#8221; global_colors_info=&#8221;{}&#8221;][\/et_pb_isa_prodotto_immagine][\/et_pb_column][\/et_pb_row][\/et_pb_section][et_pb_section fb_built=&#8221;1&#8243; _builder_version=&#8221;4.16&#8243; _module_preset=&#8221;default&#8221; global_colors_info=&#8221;{}&#8221;][et_pb_row _builder_version=&#8221;4.16&#8243; _module_preset=&#8221;default&#8221; global_colors_info=&#8221;{}&#8221;][et_pb_column type=&#8221;4_4&#8243; _builder_version=&#8221;4.16&#8243; _module_preset=&#8221;default&#8221; global_colors_info=&#8221;{}&#8221;][et_pb_isa_prodotto_testo title=&#8221;Allora sei dei nostri?&#8221; titlecenter=&#8221;on&#8221; selection=&#8221;H2&#8243; subtitle=&#8221;Aiutaci a creare una comunit\u00e0 impegnata ogni giorno a rendere il mondo un posto migliore&#8221; subtitlecenter=&#8221;on&#8221; selectionsub=&#8221;H3&#8243; _builder_version=&#8221;4.21.2&#8243; _module_preset=&#8221;default&#8221; global_colors_info=&#8221;{}&#8221;][\/et_pb_isa_prodotto_testo][\/et_pb_column][\/et_pb_row][\/et_pb_section]<\/p>\n","protected":false},"excerpt":{"rendered":"<p>[et_pb_isa_prodotto_immagine image=&#8221;https:\/\/www.isaitaly.com\/wp-content\/uploads\/2024\/05\/Hero-image_pic.png&#8221; admin_label=&#8221;IMMAGINE TERRA&#8221; _builder_version=&#8221;4.21.2&#8243; _module_preset=&#8221;default&#8221; global_colors_info=&#8221;{}&#8221;][\/et_pb_isa_prodotto_immagine][et_pb_isa_prodotto_titolo title=&#8221;Sostenibili s\u00ec, ma perch\u00e8?&#8221; subtitle=&#8221;Essere sostenibili \u00e8 una scelta&#8221; admin_label=&#8221;Sostenibili s\u00ec, ma perch\u00e8?&#8221; _builder_version=&#8221;4.21.2&#8243; locked=&#8221;off&#8221; global_colors_info=&#8221;{}&#8221;][\/et_pb_isa_prodotto_titolo][et_pb_c2i_breadcrumbs _builder_version=&#8221;4.6.3&#8243; _module_preset=&#8221;default&#8221; global_colors_info=&#8221;{}&#8221;][\/et_pb_c2i_breadcrumbs][et_pb_isa_prodotto_box_doppio imagesx=&#8221;https:\/\/www.isaitaly.com\/wp-content\/uploads\/2024\/05\/Hero-image_pic_2.png&#8221; descdx=&#8221; Sostenibili s\u00ec, ma perch\u00e9? Essere sostenibili \u00e8 una scelta&#8221; textbigdx=&#8221;on&#8221; _builder_version=&#8221;4.21.2&#8243; _module_preset=&#8221;default&#8221; global_colors_info=&#8221;{}&#8221;][\/et_pb_isa_prodotto_box_doppio][et_pb_isa_prodotto_testo title=&#8221;Essere sostenibili \u00e8 una scelta che si compie ogni giorno&#8221; selection=&#8221;H1&#8243; desc=&#8221;Tutti lo dicono. [&hellip;]<\/p>\n","protected":false},"author":2,"featured_media":0,"parent":0,"menu_order":252,"comment_status":"closed","ping_status":"closed","template":"","meta":{"_et_pb_use_builder":"on","_et_pb_old_content":"","_et_gb_content_width":"","footnotes":""},"alberomarket":[],"class_list":["post-114133","page","type-page","status-publish","hentry"],"acf":[],"yoast_head":"<!-- This site is optimized with the Yoast SEO plugin v26.8 - https:\/\/yoast.com\/product\/yoast-seo-wordpress\/ -->\n<title>Frigo a Gas: espositori con gas refrigeranti naturali | ISA<\/title>\n<meta name=\"description\" content=\"ISA ha una gamma di espositori con gas refrigeranti naturali R290 e R744 unica sul mercato, in linea al regolamento UE 517\/2014 che abolisce il gas R404a.\" \/>\n<meta name=\"robots\" content=\"index, follow, max-snippet:-1, max-image-preview:large, max-video-preview:-1\" \/>\n<link rel=\"canonical\" href=\"https:\/\/www.isaitaly.com\/it\/gas-refrigeranti-naturali\/\" \/>\n<meta property=\"og:locale\" content=\"it_IT\" \/>\n<meta property=\"og:type\" content=\"article\" \/>\n<meta property=\"og:title\" content=\"Frigo a Gas: espositori con gas refrigeranti naturali | ISA\" \/>\n<meta property=\"og:description\" content=\"ISA ha una gamma di espositori con gas refrigeranti naturali R290 e R744 unica sul mercato, in linea al regolamento UE 517\/2014 che abolisce il gas R404a.\" \/>\n<meta property=\"og:url\" content=\"https:\/\/www.isaitaly.com\/it\/gas-refrigeranti-naturali\/\" \/>\n<meta property=\"og:site_name\" content=\"ISA\" \/>\n<meta property=\"article:modified_time\" content=\"2024-08-21T13:38:05+00:00\" \/>\n<meta name=\"twitter:card\" content=\"summary_large_image\" \/>\n<meta name=\"twitter:label1\" content=\"Tempo di lettura stimato\" \/>\n\t<meta name=\"twitter:data1\" content=\"9 minuti\" \/>\n<script type=\"application\/ld+json\" class=\"yoast-schema-graph\">{\"@context\":\"https:\/\/schema.org\",\"@graph\":[{\"@type\":\"WebPage\",\"@id\":\"https:\/\/www.isaitaly.com\/it\/gas-refrigeranti-naturali\/\",\"url\":\"https:\/\/www.isaitaly.com\/it\/gas-refrigeranti-naturali\/\",\"name\":\"Frigo a Gas: espositori con gas refrigeranti naturali | ISA\",\"isPartOf\":{\"@id\":\"https:\/\/www.isaitaly.com\/it\/#website\"},\"datePublished\":\"2024-05-10T14:22:52+00:00\",\"dateModified\":\"2024-08-21T13:38:05+00:00\",\"description\":\"ISA ha una gamma di espositori con gas refrigeranti naturali R290 e R744 unica sul mercato, in linea al regolamento UE 517\/2014 che abolisce il gas R404a.\",\"breadcrumb\":{\"@id\":\"https:\/\/www.isaitaly.com\/it\/gas-refrigeranti-naturali\/#breadcrumb\"},\"inLanguage\":\"it-IT\",\"potentialAction\":[{\"@type\":\"ReadAction\",\"target\":[\"https:\/\/www.isaitaly.com\/it\/gas-refrigeranti-naturali\/\"]}]},{\"@type\":\"BreadcrumbList\",\"@id\":\"https:\/\/www.isaitaly.com\/it\/gas-refrigeranti-naturali\/#breadcrumb\",\"itemListElement\":[{\"@type\":\"ListItem\",\"position\":1,\"name\":\"Home\",\"item\":\"https:\/\/www.isaitaly.com\/it\/\"},{\"@type\":\"ListItem\",\"position\":2,\"name\":\"Sostenibilit\u00e0\"}]},{\"@type\":\"WebSite\",\"@id\":\"https:\/\/www.isaitaly.com\/it\/#website\",\"url\":\"https:\/\/www.isaitaly.com\/it\/\",\"name\":\"ISA\",\"description\":\"\",\"potentialAction\":[{\"@type\":\"SearchAction\",\"target\":{\"@type\":\"EntryPoint\",\"urlTemplate\":\"https:\/\/www.isaitaly.com\/it\/?s={search_term_string}\"},\"query-input\":{\"@type\":\"PropertyValueSpecification\",\"valueRequired\":true,\"valueName\":\"search_term_string\"}}],\"inLanguage\":\"it-IT\"}]}<\/script>\n<!-- \/ Yoast SEO plugin. -->","yoast_head_json":{"title":"Frigo a Gas: espositori con gas refrigeranti naturali | ISA","description":"ISA ha una gamma di espositori con gas refrigeranti naturali R290 e R744 unica sul mercato, in linea al regolamento UE 517\/2014 che abolisce il gas R404a.","robots":{"index":"index","follow":"follow","max-snippet":"max-snippet:-1","max-image-preview":"max-image-preview:large","max-video-preview":"max-video-preview:-1"},"canonical":"https:\/\/www.isaitaly.com\/it\/gas-refrigeranti-naturali\/","og_locale":"it_IT","og_type":"article","og_title":"Frigo a Gas: espositori con gas refrigeranti naturali | ISA","og_description":"ISA ha una gamma di espositori con gas refrigeranti naturali R290 e R744 unica sul mercato, in linea al regolamento UE 517\/2014 che abolisce il gas R404a.","og_url":"https:\/\/www.isaitaly.com\/it\/gas-refrigeranti-naturali\/","og_site_name":"ISA","article_modified_time":"2024-08-21T13:38:05+00:00","twitter_card":"summary_large_image","twitter_misc":{"Tempo di lettura stimato":"9 minuti"},"schema":{"@context":"https:\/\/schema.org","@graph":[{"@type":"WebPage","@id":"https:\/\/www.isaitaly.com\/it\/gas-refrigeranti-naturali\/","url":"https:\/\/www.isaitaly.com\/it\/gas-refrigeranti-naturali\/","name":"Frigo a Gas: espositori con gas refrigeranti naturali | ISA","isPartOf":{"@id":"https:\/\/www.isaitaly.com\/it\/#website"},"datePublished":"2024-05-10T14:22:52+00:00","dateModified":"2024-08-21T13:38:05+00:00","description":"ISA ha una gamma di espositori con gas refrigeranti naturali R290 e R744 unica sul mercato, in linea al regolamento UE 517\/2014 che abolisce il gas R404a.","breadcrumb":{"@id":"https:\/\/www.isaitaly.com\/it\/gas-refrigeranti-naturali\/#breadcrumb"},"inLanguage":"it-IT","potentialAction":[{"@type":"ReadAction","target":["https:\/\/www.isaitaly.com\/it\/gas-refrigeranti-naturali\/"]}]},{"@type":"BreadcrumbList","@id":"https:\/\/www.isaitaly.com\/it\/gas-refrigeranti-naturali\/#breadcrumb","itemListElement":[{"@type":"ListItem","position":1,"name":"Home","item":"https:\/\/www.isaitaly.com\/it\/"},{"@type":"ListItem","position":2,"name":"Sostenibilit\u00e0"}]},{"@type":"WebSite","@id":"https:\/\/www.isaitaly.com\/it\/#website","url":"https:\/\/www.isaitaly.com\/it\/","name":"ISA","description":"","potentialAction":[{"@type":"SearchAction","target":{"@type":"EntryPoint","urlTemplate":"https:\/\/www.isaitaly.com\/it\/?s={search_term_string}"},"query-input":{"@type":"PropertyValueSpecification","valueRequired":true,"valueName":"search_term_string"}}],"inLanguage":"it-IT"}]}},"_links":{"self":[{"href":"https:\/\/www.isaitaly.com\/it\/wp-json\/wp\/v2\/pages\/114133","targetHints":{"allow":["GET"]}}],"collection":[{"href":"https:\/\/www.isaitaly.com\/it\/wp-json\/wp\/v2\/pages"}],"about":[{"href":"https:\/\/www.isaitaly.com\/it\/wp-json\/wp\/v2\/types\/page"}],"author":[{"embeddable":true,"href":"https:\/\/www.isaitaly.com\/it\/wp-json\/wp\/v2\/users\/2"}],"replies":[{"embeddable":true,"href":"https:\/\/www.isaitaly.com\/it\/wp-json\/wp\/v2\/comments?post=114133"}],"version-history":[{"count":156,"href":"https:\/\/www.isaitaly.com\/it\/wp-json\/wp\/v2\/pages\/114133\/revisions"}],"predecessor-version":[{"id":116825,"href":"https:\/\/www.isaitaly.com\/it\/wp-json\/wp\/v2\/pages\/114133\/revisions\/116825"}],"wp:attachment":[{"href":"https:\/\/www.isaitaly.com\/it\/wp-json\/wp\/v2\/media?parent=114133"}],"wp:term":[{"taxonomy":"alberomarket","embeddable":true,"href":"https:\/\/www.isaitaly.com\/it\/wp-json\/wp\/v2\/alberomarket?post=114133"}],"curies":[{"name":"wp","href":"https:\/\/api.w.org\/{rel}","templated":true}]}}