{"id":62972,"date":"2018-11-08T08:52:46","date_gmt":"2018-11-08T07:52:46","guid":{"rendered":"https:\/\/www.isaitaly.com\/chi-siamo\/"},"modified":"2023-08-22T16:25:28","modified_gmt":"2023-08-22T14:25:28","slug":"qui-sommes-nous","status":"publish","type":"page","link":"https:\/\/www.isaitaly.com\/fr\/qui-sommes-nous\/","title":{"rendered":"Qui sommes-nous?"},"content":{"rendered":"<p>[et_pb_section fb_built=\u00a0\u00bb1&Prime; fullwidth=\u00a0\u00bbon\u00a0\u00bb _builder_version=\u00a0\u00bb4.16&Prime; global_colors_info=\u00a0\u00bb{}\u00a0\u00bb][et_pb_fullwidth_image src=\u00a0\u00bb\/wp-content\/uploads\/2018\/11\/isa_azienda_chi_siamo.jpg\u00a0\u00bb _builder_version=\u00a0\u00bb4.16&Prime; global_colors_info=\u00a0\u00bb{}\u00a0\u00bb][\/et_pb_fullwidth_image][\/et_pb_section][et_pb_section fb_built=\u00a0\u00bb1&Prime; _builder_version=\u00a0\u00bb4.16&Prime; global_colors_info=\u00a0\u00bb{}\u00a0\u00bb][et_pb_row _builder_version=\u00a0\u00bb4.16&Prime; custom_padding=\u00a0\u00bb||0px||false|false\u00a0\u00bb global_colors_info=\u00a0\u00bb{}\u00a0\u00bb][et_pb_column type=\u00a0\u00bb4_4&Prime; _builder_version=\u00a0\u00bb4.16&Prime; global_colors_info=\u00a0\u00bb{}\u00a0\u00bb][et_pb_c2i_breadcrumbs _builder_version=\u00a0\u00bb3.29.3&Prime; global_colors_info=\u00a0\u00bb{}\u00a0\u00bb][\/et_pb_c2i_breadcrumbs][\/et_pb_column][\/et_pb_row][\/et_pb_section][et_pb_section fb_built=\u00a0\u00bb1&Prime; _builder_version=\u00a0\u00bb4.16&Prime; custom_margin=\u00a0\u00bb0px||||false|false\u00a0\u00bb custom_padding=\u00a0\u00bb25px||||false|false\u00a0\u00bb global_colors_info=\u00a0\u00bb{}\u00a0\u00bb][et_pb_row _builder_version=\u00a0\u00bb4.16&Prime; use_custom_width=\u00a0\u00bbon\u00a0\u00bb global_colors_info=\u00a0\u00bb{}\u00a0\u00bb][et_pb_column type=\u00a0\u00bb4_4&Prime; _builder_version=\u00a0\u00bb4.16&Prime; custom_padding=\u00a0\u00bb|||\u00a0\u00bb global_colors_info=\u00a0\u00bb{}\u00a0\u00bb custom_padding__hover=\u00a0\u00bb|||\u00a0\u00bb][et_pb_text admin_label=\u00a0\u00bbTesto\u00a0\u00bb _builder_version=\u00a0\u00bb4.16&Prime; text_font=\u00a0\u00bbRoboto Light||||\u00a0\u00bb text_text_color=\u00a0\u00bb#666666&Prime; text_font_size=\u00a0\u00bb18&Prime; text_line_height=\u00a0\u00bb1.6em\u00a0\u00bb header_font=\u00a0\u00bbRoboto Light||||\u00a0\u00bb header_text_align=\u00a0\u00bbcenter\u00a0\u00bb header_font_size=\u00a0\u00bb40px\u00a0\u00bb header_letter_spacing=\u00a0\u00bb1px\u00a0\u00bb text_orientation=\u00a0\u00bbcenter\u00a0\u00bb module_alignment=\u00a0\u00bbcenter\u00a0\u00bb custom_margin=\u00a0\u00bb|50px||50px\u00a0\u00bb border_style=\u00a0\u00bbsolid\u00a0\u00bb global_colors_info=\u00a0\u00bb{}\u00a0\u00bb]<\/p>\n<h1 class=\"weight-light\"><span style=\"color: #5aa1d8;\">ISA est n\u00e9e en Ombrie<\/span><br \/><span style=\"color: #5aa1d8;\"> au c\u0153ur de l&rsquo;Italie, lieu incontournable de la mode, du design et du style\n<\/div class=\"weight-light\">\n<p>Depuis 1963, ISA fabrique dans la r\u00e9gion d\u2019OMBRIE et distribue des vitrines r\u00e9frig\u00e9r\u00e9es et du mobilier pour les lieux publics du monde entier. ISA op\u00e8re sur le march\u00e9 sous cinq marques  <strong>ISA<\/strong>, <strong>COF<\/strong>, <strong>TASSELLI, ABACO e HIZONE<\/strong> avec un chiffre d&rsquo;affaires de plus de 120 millions d&rsquo;euros, exportant dans 107 pays des produits de qualit\u00e9, avec un haut niveau de technologie et d&rsquo;innovation, y compris en termes de durabilit\u00e9 gr\u00e2ce \u00e0 l&rsquo;utilisation de r\u00e9frig\u00e9rants naturels.<\/p>\n<p>ISA est actuellement l&rsquo;un des acteurs les plus importants au monde dans le secteur de l&rsquo;ameublement des locaux publics, des vitrines et armoires r\u00e9frig\u00e9r\u00e9es pour glaciers et p\u00e2tisseries, et de l&rsquo;ameublement professionnel. En plus  des nombreux et prestigieux clients qui utilisent quotidiennement les \u00e9quipements ISA, l&rsquo;entreprise collabore depuis des ann\u00e9es avec d&rsquo;importantes marques internationales, telles que : Ahold, Auchan, Autogrill, Billa, Bindi, Coldstone Creamery, Coca Cola, Conad, Coop, Cremonini, Brioche doree, Haagen dazs, Nestl\u00e8, Sammontana, Starbucks et Unilever.<\/p>\n<\/div>\n<p>[\/et_pb_text][\/et_pb_column][\/et_pb_row][et_pb_row column_structure=\u00a0\u00bb1_3,1_3,1_3&Prime; make_equal=\u00a0\u00bbon\u00a0\u00bb disabled_on=\u00a0\u00bbon|on|on\u00a0\u00bb _builder_version=\u00a0\u00bb4.16&Prime; use_custom_width=\u00a0\u00bbon\u00a0\u00bb disabled=\u00a0\u00bbon\u00a0\u00bb global_colors_info=\u00a0\u00bb{}\u00a0\u00bb][et_pb_column type=\u00a0\u00bb1_3&Prime; _builder_version=\u00a0\u00bb4.16&Prime; custom_padding=\u00a0\u00bb|||\u00a0\u00bb global_colors_info=\u00a0\u00bb{}\u00a0\u00bb custom_padding__hover=\u00a0\u00bb|||\u00a0\u00bb][et_pb_image src=\u00a0\u00bbhttps:\/\/www.isaitaly.com\/wp-content\/uploads\/2019\/01\/COF.jpg\u00a0\u00bb align_tablet=\u00a0\u00bbcenter\u00a0\u00bb align_phone=\u00a0\u00bb\u00a0\u00bb align_last_edited=\u00a0\u00bbon|desktop\u00a0\u00bb _builder_version=\u00a0\u00bb4.16&Prime; global_colors_info=\u00a0\u00bb{}\u00a0\u00bb][\/et_pb_image][et_pb_text _builder_version=\u00a0\u00bb4.16&Prime; global_colors_info=\u00a0\u00bb{}\u00a0\u00bb]<\/p>\n<p>\n<strong>Cof<\/strong>\u00a0\u00e8 uno dei marchi con cui ISA \u2013 Industria Scaffalature Arredamenti S.p.a.\u00a0\u2013 opera in qualit\u00e0 di leader nel settore dell\u2019arredamento dei pubblici esercizi e nella refrigerazione professionale.\u00a0Con Cof, ISA ha voluto infatti individuare una gamma di prodotti plug-in dedicati al mondo del Food&amp;Beverage, mettendo a disposizione della propria clientela la sua affidabilit\u00e0, la sua professionalit\u00e0 ed il suo servizio.<br \/>Nasce cos\u00ec la divisione Food&amp;Beverage, un\u2019organizzazione commerciale per meglio venire incontro ai nostri clienti, sempre con il medesimo fine: quello\u00a0di lasciare a loro la libert\u00e0 di scegliere le attrezzature con le dimensioni, le prestazioni e lo stile\u00a0che pi\u00f9 si adattano al loro spazio e ai loro gusti.<\/p>\n<p>[\/et_pb_text][\/et_pb_column][et_pb_column type=\u00a0\u00bb1_3&Prime; _builder_version=\u00a0\u00bb4.16&Prime; custom_padding=\u00a0\u00bb|||\u00a0\u00bb global_colors_info=\u00a0\u00bb{}\u00a0\u00bb custom_padding__hover=\u00a0\u00bb|||\u00a0\u00bb][et_pb_image src=\u00a0\u00bbhttps:\/\/www.isaitaly.com\/wp-content\/uploads\/2019\/01\/tasselli.jpg\u00a0\u00bb align_tablet=\u00a0\u00bbcenter\u00a0\u00bb align_phone=\u00a0\u00bb\u00a0\u00bb align_last_edited=\u00a0\u00bbon|desktop\u00a0\u00bb _builder_version=\u00a0\u00bb4.16&Prime; global_colors_info=\u00a0\u00bb{}\u00a0\u00bb][\/et_pb_image][et_pb_text _builder_version=\u00a0\u00bb4.16&Prime; global_colors_info=\u00a0\u00bb{}\u00a0\u00bb]<\/p>\n<p>\n<strong>Tasselli<\/strong>\u00a0Industria Frigoriferi \u00e8 una divisione di ISA specializzata nella produzione di attrezzature altamente professionali rivolte al settore della Media e Grande Distribuzione Organizzata.<\/p>\n<p>L\u2019azienda, fondata nel 1943, ha intrapreso la propria attivit\u00e0 producendo ghiacciaie domestiche in legno. Successivamente, si \u00e8 affermata come azienda di riferimento nel settore della refrigerazione industriale ed, in particolare, per la grande distribuzione dove si \u00e8 contraddistinta per l\u2019alto livello, l\u2019innovazione e la qualit\u00e0 delle proprie attrezzature e refrigerazione.<\/p>\n<p>Nel 2001, \u00e8 stata acquisita dalla ISA S.p.A., azienda leader del settore dell\u2019arredamento per pubblici esercizi. Tale acquisizione le ha permesso di crescere ed arricchirsi segnando una svolta: la tecnologia unita al design.<\/p>\n<p>Grazie alle soluzioni e le tecnologie innovative che propone, \u00e8 capace di veicolare al meglio i messaggi commerciali, di conservare, esporre ed esaltare i prodotti in vendita. Inoltre, il connubio tra le caratteristiche tecniche ed estetiche \u00e8 in grado di soddisfare qualsiasi esigenza espositiva.<\/p>\n<p>[\/et_pb_text][\/et_pb_column][et_pb_column type=\u00a0\u00bb1_3&Prime; _builder_version=\u00a0\u00bb4.16&Prime; custom_padding=\u00a0\u00bb|||\u00a0\u00bb global_colors_info=\u00a0\u00bb{}\u00a0\u00bb custom_padding__hover=\u00a0\u00bb|||\u00a0\u00bb][et_pb_image src=\u00a0\u00bbhttps:\/\/www.isaitaly.com\/wp-content\/uploads\/2019\/01\/abaco.jpg\u00a0\u00bb align_tablet=\u00a0\u00bbcenter\u00a0\u00bb align_phone=\u00a0\u00bb\u00a0\u00bb align_last_edited=\u00a0\u00bbon|desktop\u00a0\u00bb _builder_version=\u00a0\u00bb4.16&Prime; global_colors_info=\u00a0\u00bb{}\u00a0\u00bb][\/et_pb_image][et_pb_text _builder_version=\u00a0\u00bb4.16&Prime; global_colors_info=\u00a0\u00bb{}\u00a0\u00bb]<\/p>\n<p>\n<strong>ABACO<\/strong>\u00a0\u00e8 il nuovo marchio ISA dedicato alla tecnologia per l\u2019arredo dei pubblici esercizi, che si posiziona nello specifico all\u2019interno del settore dei semilavorati e dei retro banchi in acciaio.<\/p>\n<p>[\/et_pb_text][\/et_pb_column][\/et_pb_row][et_pb_row _builder_version=\u00a0\u00bb4.16&Prime; use_custom_width=\u00a0\u00bbon\u00a0\u00bb global_colors_info=\u00a0\u00bb{}\u00a0\u00bb][et_pb_column type=\u00a0\u00bb4_4&Prime; _builder_version=\u00a0\u00bb4.16&Prime; custom_padding=\u00a0\u00bb|||\u00a0\u00bb global_colors_info=\u00a0\u00bb{}\u00a0\u00bb custom_padding__hover=\u00a0\u00bb|||\u00a0\u00bb][et_pb_video src=\u00a0\u00bbhttps:\/\/www.youtube.com\/watch?v=AfnUPV26Q0w&#038;feature=youtu.be\u00a0\u00bb image_src=\u00a0\u00bb\/\/i.ytimg.com\/vi\/AfnUPV26Q0w\/hqdefault.jpg\u00a0\u00bb _builder_version=\u00a0\u00bb4.16&Prime; global_colors_info=\u00a0\u00bb{}\u00a0\u00bb][\/et_pb_video][\/et_pb_column][\/et_pb_row][et_pb_row _builder_version=\u00a0\u00bb4.16&Prime; use_custom_width=\u00a0\u00bbon\u00a0\u00bb global_colors_info=\u00a0\u00bb{}\u00a0\u00bb][et_pb_column type=\u00a0\u00bb4_4&Prime; _builder_version=\u00a0\u00bb4.16&Prime; custom_padding=\u00a0\u00bb|||\u00a0\u00bb global_colors_info=\u00a0\u00bb{}\u00a0\u00bb custom_padding__hover=\u00a0\u00bb|||\u00a0\u00bb][et_pb_text _builder_version=\u00a0\u00bb4.16&Prime; text_font=\u00a0\u00bbRoboto Light||||\u00a0\u00bb text_text_color=\u00a0\u00bb#666666&Prime; text_line_height=\u00a0\u00bb1.6em\u00a0\u00bb header_font=\u00a0\u00bbRoboto Light||||\u00a0\u00bb header_text_align=\u00a0\u00bbcenter\u00a0\u00bb header_font_size=\u00a0\u00bb40px\u00a0\u00bb header_letter_spacing=\u00a0\u00bb1px\u00a0\u00bb text_orientation=\u00a0\u00bbcenter\u00a0\u00bb module_alignment=\u00a0\u00bbcenter\u00a0\u00bb custom_margin=\u00a0\u00bb|50px||50px\u00a0\u00bb z_index_tablet=\u00a0\u00bb500&Prime; border_style=\u00a0\u00bbsolid\u00a0\u00bb global_colors_info=\u00a0\u00bb{}\u00a0\u00bb]<\/p>\n<h1 class=\"weight-light\" style=\"text-align: center;\"><span style=\"color: #5aa1d8;\">L\u2019etablissement<\/span><\/h1>\n<div>\u00a0<\/div>\n<div style=\"text-align: center;\">Afin de r\u00e9pondre aux nouveaux d\u00e9fis au niveau mondial, ISA a planifi\u00e9 sur une surface de plus de 280 000 m\u00b2 une nouvelle usine couverte de 65 000 m\u00b2, int\u00e9gr\u00e9e de mani\u00e8re coh\u00e9rente \u00e0 l&rsquo;environnement urbain environnant, inaugur\u00e9e le 16 mai 2017, dans laquelle des m\u00e9thodologies de production et de logistique innovantes ont \u00e9t\u00e9 appliqu\u00e9es avec un espace important pour la recherche et le d\u00e9veloppement.<\/div>\n<div style=\"text-align: center;\">\u00a0<\/div>\n<div style=\"text-align: center;\">La nouvelle usine a \u00e9t\u00e9 con\u00e7ue et construite dans le respect de la durabilit\u00e9 environnementale, de la s\u00e9curit\u00e9 et de l&rsquo;habitabilit\u00e9 de l&rsquo;environnement du travail. Au sein de la nouvelle zone de gestion, un espace important de 2 500 m2 a \u00e9t\u00e9 consacr\u00e9 au Showroom, destin\u00e9 \u00e0 accueillir les clients de plus de 107 pays du monde entier.<\/div>\n<div>\u00a0<\/div>\n<p>[\/et_pb_text][et_pb_text admin_label=\u00a0\u00bbTesto\u00a0\u00bb _builder_version=\u00a0\u00bb4.16&Prime; text_font=\u00a0\u00bbRoboto Light||||\u00a0\u00bb text_text_color=\u00a0\u00bb#666666&Prime; text_line_height=\u00a0\u00bb1.6em\u00a0\u00bb header_font=\u00a0\u00bbRoboto Light||||\u00a0\u00bb header_text_align=\u00a0\u00bbcenter\u00a0\u00bb header_font_size=\u00a0\u00bb40px\u00a0\u00bb header_letter_spacing=\u00a0\u00bb1px\u00a0\u00bb text_orientation=\u00a0\u00bbcenter\u00a0\u00bb module_alignment=\u00a0\u00bbcenter\u00a0\u00bb custom_margin=\u00a0\u00bb|50px||50px\u00a0\u00bb z_index_tablet=\u00a0\u00bb500&Prime; border_style=\u00a0\u00bbsolid\u00a0\u00bb global_colors_info=\u00a0\u00bb{}\u00a0\u00bb]<\/p>\n<h1 class=\"weight-light\"><span style=\"color: #5aa1d8;\">I brand di ISA<\/span><\/h1>\n<p>[\/et_pb_text][\/et_pb_column][\/et_pb_row][et_pb_row column_structure=\u00a0\u00bb2_5,3_5&Prime; disabled_on=\u00a0\u00bbon|on|on\u00a0\u00bb _builder_version=\u00a0\u00bb4.16&Prime; disabled=\u00a0\u00bbon\u00a0\u00bb global_colors_info=\u00a0\u00bb{}\u00a0\u00bb][et_pb_column type=\u00a0\u00bb2_5&Prime; _builder_version=\u00a0\u00bb4.16&Prime; global_colors_info=\u00a0\u00bb{}\u00a0\u00bb][et_pb_isa_prodotto_immagine image=\u00a0\u00bbhttps:\/\/www.isaitaly.com\/wp-content\/uploads\/2019\/11\/brand-isa-box-hizone-2.jpg\u00a0\u00bb admin_label=\u00a0\u00bbImmagine Hizone\u00a0\u00bb _builder_version=\u00a0\u00bb3.29.3&Prime; global_colors_info=\u00a0\u00bb{}\u00a0\u00bb][\/et_pb_isa_prodotto_immagine][\/et_pb_column][et_pb_column type=\u00a0\u00bb3_5&Prime; _builder_version=\u00a0\u00bb4.16&Prime; global_colors_info=\u00a0\u00bb{}\u00a0\u00bb][et_pb_image src=\u00a0\u00bbhttps:\/\/www.isaitaly.com\/wp-content\/uploads\/2019\/11\/Logo-Hizone.jpg\u00a0\u00bb url=\u00a0\u00bbhttps:\/\/www.hizone.it\/\u00a0\u00bb url_new_window=\u00a0\u00bbon\u00a0\u00bb admin_label=\u00a0\u00bbLogo\u00a0\u00bb _builder_version=\u00a0\u00bb4.16&Prime; custom_margin=\u00a0\u00bb20px|||30px|false|false\u00a0\u00bb custom_padding=\u00a0\u00bb20px|||30px|false|false\u00a0\u00bb global_colors_info=\u00a0\u00bb{}\u00a0\u00bb][\/et_pb_image][et_pb_isa_prodotto_testo selection=\u00a0\u00bbH2&Prime; selectionsub=\u00a0\u00bbH2&Prime; desc=\u00a0\u00bb<\/p>\n<p>\u00c8 il luxury brand progettato da Antonio Citterio: un innovativo sistema creato per arredare laboratori di gelaterie, pasticcerie, gastronomie e ristoranti. La gamma comprende cantine vini, abbattitori, armadi e tavoli refrigerati e neutri.<\/p>\n<p>\u00a0\u00bb admin_label=\u00a0\u00bbTesto Hizone\u00a0\u00bb _builder_version=\u00a0\u00bb3.29.3&Prime; global_colors_info=\u00a0\u00bb{}\u00a0\u00bb][\/et_pb_isa_prodotto_testo][\/et_pb_column][\/et_pb_row][et_pb_row column_structure=\u00a0\u00bb3_5,2_5&Prime; disabled_on=\u00a0\u00bbon|on|on\u00a0\u00bb _builder_version=\u00a0\u00bb4.16&Prime; disabled=\u00a0\u00bbon\u00a0\u00bb global_colors_info=\u00a0\u00bb{}\u00a0\u00bb][et_pb_column type=\u00a0\u00bb3_5&Prime; _builder_version=\u00a0\u00bb4.16&Prime; global_colors_info=\u00a0\u00bb{}\u00a0\u00bb][et_pb_image src=\u00a0\u00bbhttps:\/\/www.isaitaly.com\/wp-content\/uploads\/2019\/11\/brand-isa-box-cof-3.jpg\u00a0\u00bb url=\u00a0\u00bbhttps:\/\/www.cofitalia.it\/\u00a0\u00bb url_new_window=\u00a0\u00bbon\u00a0\u00bb admin_label=\u00a0\u00bbLogo\u00a0\u00bb _builder_version=\u00a0\u00bb4.16&Prime; custom_margin=\u00a0\u00bb20px|||30px|false|false\u00a0\u00bb custom_padding=\u00a0\u00bb20px|||30px|false|false\u00a0\u00bb global_colors_info=\u00a0\u00bb{}\u00a0\u00bb][\/et_pb_image][et_pb_isa_prodotto_testo selection=\u00a0\u00bbH2&Prime; selectionsub=\u00a0\u00bbH1&Prime; desc=\u00a0\u00bb<\/p>\n<p>Con questo brand ISA raggiunge tutti i clienti professionali con una completa e diversificata linea di espositori e conservatori plug in, per bar, gelaterie, pasticcerie e ristoranti, con varie tipologie di refrigerazione, prestazioni elevate e uno stile inconfondibile.<\/p>\n<p>\u00a0\u00bb admin_label=\u00a0\u00bbTesto Cof\u00a0\u00bb _builder_version=\u00a0\u00bb3.29.3&Prime; global_colors_info=\u00a0\u00bb{}\u00a0\u00bb][\/et_pb_isa_prodotto_testo][\/et_pb_column][et_pb_column type=\u00a0\u00bb2_5&Prime; _builder_version=\u00a0\u00bb4.16&Prime; global_colors_info=\u00a0\u00bb{}\u00a0\u00bb][et_pb_isa_prodotto_immagine image=\u00a0\u00bbhttps:\/\/www.isaitaly.com\/wp-content\/uploads\/2019\/11\/brand-isa-box-cof.jpg\u00a0\u00bb admin_label=\u00a0\u00bbImmagine Cof\u00a0\u00bb _builder_version=\u00a0\u00bb3.29.3&Prime; global_colors_info=\u00a0\u00bb{}\u00a0\u00bb][\/et_pb_isa_prodotto_immagine][\/et_pb_column][\/et_pb_row][et_pb_row column_structure=\u00a0\u00bb2_5,3_5&Prime; disabled_on=\u00a0\u00bbon|on|on\u00a0\u00bb _builder_version=\u00a0\u00bb4.16&Prime; disabled=\u00a0\u00bbon\u00a0\u00bb global_colors_info=\u00a0\u00bb{}\u00a0\u00bb][et_pb_column type=\u00a0\u00bb2_5&Prime; _builder_version=\u00a0\u00bb4.16&Prime; global_colors_info=\u00a0\u00bb{}\u00a0\u00bb][et_pb_isa_prodotto_immagine image=\u00a0\u00bbhttps:\/\/www.isaitaly.com\/wp-content\/uploads\/2019\/11\/brand-isa-box-abaco.jpg\u00a0\u00bb admin_label=\u00a0\u00bbImmagine Abaco\u00a0\u00bb _builder_version=\u00a0\u00bb3.29.3&Prime; global_colors_info=\u00a0\u00bb{}\u00a0\u00bb][\/et_pb_isa_prodotto_immagine][\/et_pb_column][et_pb_column type=\u00a0\u00bb3_5&Prime; _builder_version=\u00a0\u00bb4.16&Prime; global_colors_info=\u00a0\u00bb{}\u00a0\u00bb][et_pb_image src=\u00a0\u00bbhttps:\/\/www.isaitaly.com\/wp-content\/uploads\/2019\/11\/brand-isa-box-abaco-1.jpg\u00a0\u00bb url=\u00a0\u00bbhttps:\/\/abaco.isaitaly.com\/\u00a0\u00bb url_new_window=\u00a0\u00bbon\u00a0\u00bb admin_label=\u00a0\u00bbLogo\u00a0\u00bb _builder_version=\u00a0\u00bb4.16&Prime; custom_margin=\u00a0\u00bb20px|||30px|false|false\u00a0\u00bb custom_padding=\u00a0\u00bb20px|||30px|false|false\u00a0\u00bb global_colors_info=\u00a0\u00bb{}\u00a0\u00bb][\/et_pb_image][et_pb_isa_prodotto_testo selection=\u00a0\u00bbH2&Prime; selectionsub=\u00a0\u00bbH3&Prime; desc=\u00a0\u00bb<\/p>\n<p>\u00c8 il brand della tecnologia del freddo per i semilavorati in acciaio inox specifici per l\u2019arredamento di bar, pasticcerie, gelaterie, gastronomie e laboratori, che permettono a designers ed architetti di progettare qualsiasi soluzione di layout secondo le diverse esigenze.<\/p>\n<p>\u00a0\u00bb admin_label=\u00a0\u00bbTesto Abaco\u00a0\u00bb _builder_version=\u00a0\u00bb3.29.3&Prime; global_colors_info=\u00a0\u00bb{}\u00a0\u00bb][\/et_pb_isa_prodotto_testo][\/et_pb_column][\/et_pb_row][et_pb_row column_structure=\u00a0\u00bb3_5,2_5&Prime; disabled_on=\u00a0\u00bbon|on|on\u00a0\u00bb _builder_version=\u00a0\u00bb4.16&Prime; disabled=\u00a0\u00bbon\u00a0\u00bb global_colors_info=\u00a0\u00bb{}\u00a0\u00bb][et_pb_column type=\u00a0\u00bb3_5&Prime; _builder_version=\u00a0\u00bb4.16&Prime; global_colors_info=\u00a0\u00bb{}\u00a0\u00bb][et_pb_image src=\u00a0\u00bbhttps:\/\/www.isaitaly.com\/wp-content\/uploads\/2019\/11\/brand-isa-box-tasselli-1.jpg\u00a0\u00bb url=\u00a0\u00bbhttp:\/\/www.tasselli.it\/\u00a0\u00bb url_new_window=\u00a0\u00bbon\u00a0\u00bb admin_label=\u00a0\u00bbLogo\u00a0\u00bb _builder_version=\u00a0\u00bb4.16&Prime; custom_margin=\u00a0\u00bb20px|||30px|false|false\u00a0\u00bb custom_padding=\u00a0\u00bb20px|||30px|false|false\u00a0\u00bb global_colors_info=\u00a0\u00bb{}\u00a0\u00bb][\/et_pb_image][et_pb_isa_prodotto_testo selection=\u00a0\u00bbH2&Prime; selectionsub=\u00a0\u00bbH1&Prime; desc=\u00a0\u00bb<\/p>\n<p>L\u2019azienda da oltre 60 anni arreda supermercati, ipermercati e retail, con molteplici tecnologie del freddo, specifiche per surgelati, formaggi, carni, frutta e verdura.<\/p>\n<p>\u00a0\u00bb admin_label=\u00a0\u00bbTesto Tasselli\u00a0\u00bb _builder_version=\u00a0\u00bb3.29.3&Prime; global_colors_info=\u00a0\u00bb{}\u00a0\u00bb][\/et_pb_isa_prodotto_testo][\/et_pb_column][et_pb_column type=\u00a0\u00bb2_5&Prime; _builder_version=\u00a0\u00bb4.16&Prime; global_colors_info=\u00a0\u00bb{}\u00a0\u00bb][et_pb_isa_prodotto_immagine image=\u00a0\u00bbhttps:\/\/www.isaitaly.com\/wp-content\/uploads\/2019\/11\/brand-isa-box-tasselli.jpg\u00a0\u00bb admin_label=\u00a0\u00bbImmagine Tasselli\u00a0\u00bb _builder_version=\u00a0\u00bb3.29.3&Prime; global_colors_info=\u00a0\u00bb{}\u00a0\u00bb][\/et_pb_isa_prodotto_immagine][\/et_pb_column][\/et_pb_row][\/et_pb_section][et_pb_section fb_built=\u00a0\u00bb1&Prime; disabled_on=\u00a0\u00bbon|on|on\u00a0\u00bb _builder_version=\u00a0\u00bb4.16&Prime; custom_margin=\u00a0\u00bb0px||0px||false|false\u00a0\u00bb custom_padding=\u00a0\u00bb0px||0px||false|false\u00a0\u00bb disabled=\u00a0\u00bbon\u00a0\u00bb global_colors_info=\u00a0\u00bb{}\u00a0\u00bb][et_pb_row _builder_version=\u00a0\u00bb4.16&Prime; width=\u00a0\u00bb100%\u00a0\u00bb custom_margin=\u00a0\u00bb0px||0px||false|false\u00a0\u00bb custom_padding=\u00a0\u00bb0px||0px||false|false\u00a0\u00bb global_colors_info=\u00a0\u00bb{}\u00a0\u00bb][et_pb_column type=\u00a0\u00bb4_4&Prime; _builder_version=\u00a0\u00bb4.16&Prime; global_colors_info=\u00a0\u00bb{}\u00a0\u00bb][et_pb_c2i_banner_small_sx titlesection=\u00a0\u00bbArte e scienza del freddo\u00a0\u00bb title=\u00a0\u00bbISA\u00a0\u00bb src=\u00a0\u00bbhttps:\/\/www.isaitaly.com\/wp-content\/uploads\/2020\/07\/brand-isa.jpg\u00a0\u00bb _builder_version=\u00a0\u00bb3.29.3&Prime; global_colors_info=\u00a0\u00bb{}\u00a0\u00bb][\/et_pb_c2i_banner_small_sx][\/et_pb_column][\/et_pb_row][\/et_pb_section][et_pb_section fb_built=\u00a0\u00bb1&Prime; _builder_version=\u00a0\u00bb4.16&Prime; custom_margin=\u00a0\u00bb0px||0px||false|false\u00a0\u00bb custom_padding=\u00a0\u00bb0px||0px||false|false\u00a0\u00bb global_colors_info=\u00a0\u00bb{}\u00a0\u00bb][et_pb_row _builder_version=\u00a0\u00bb4.16&Prime; width=\u00a0\u00bb100%\u00a0\u00bb custom_margin=\u00a0\u00bb0px||0px||false|false\u00a0\u00bb custom_padding=\u00a0\u00bb0px||0px||false|false\u00a0\u00bb global_colors_info=\u00a0\u00bb{}\u00a0\u00bb][et_pb_column type=\u00a0\u00bb4_4&Prime; _builder_version=\u00a0\u00bb4.16&Prime; global_colors_info=\u00a0\u00bb{}\u00a0\u00bb][et_pb_c2i_banner_small titlesection=\u00a0\u00bbHi-Professional Zone\u00a0\u00bb title=\u00a0\u00bbHizone\u00a0\u00bb link=\u00a0\u00bbhttps:\/\/www.hizone.it\/\u00a0\u00bb src=\u00a0\u00bbhttps:\/\/www.isaitaly.com\/wp-content\/uploads\/2020\/07\/brand-hizone.jpg\u00a0\u00bb _builder_version=\u00a0\u00bb4.6.3&Prime; global_colors_info=\u00a0\u00bb{}\u00a0\u00bb]<\/p>\n<p>C&rsquo;est la marque de luxe con\u00e7ue par Antonio Citterio : un syst\u00e8me innovant cr\u00e9\u00e9 pour \u00e9quiper des laboratoires des  glaciers,  p\u00e2tisseries, \u00e9piceries fines et restaurants. La gamme comprend des caves \u00e0 vin, des refroidisseurs , des armoires de stockage ,  des tables r\u00e9frig\u00e9r\u00e9es et neutres.<\/p>\n<p>[\/et_pb_c2i_banner_small][\/et_pb_column][\/et_pb_row][\/et_pb_section][et_pb_section fb_built=\u00a0\u00bb1&Prime; _builder_version=\u00a0\u00bb4.16&Prime; custom_margin=\u00a0\u00bb0px||0px||false|false\u00a0\u00bb custom_padding=\u00a0\u00bb0px||0px||false|false\u00a0\u00bb global_colors_info=\u00a0\u00bb{}\u00a0\u00bb][et_pb_row _builder_version=\u00a0\u00bb4.16&Prime; width=\u00a0\u00bb100%\u00a0\u00bb custom_margin=\u00a0\u00bb0px||0px||false|false\u00a0\u00bb custom_padding=\u00a0\u00bb0px||0px||true|false\u00a0\u00bb global_colors_info=\u00a0\u00bb{}\u00a0\u00bb][et_pb_column type=\u00a0\u00bb4_4&Prime; _builder_version=\u00a0\u00bb4.16&Prime; global_colors_info=\u00a0\u00bb{}\u00a0\u00bb][et_pb_c2i_banner_small_sx titlesection=\u00a0\u00bbFood &#038; Beverage\u00a0\u00bb title=\u00a0\u00bbCOF\u00a0\u00bb link=\u00a0\u00bbhttps:\/\/cofitalia.it\/\u00a0\u00bb src=\u00a0\u00bbhttps:\/\/www.isaitaly.com\/wp-content\/uploads\/2020\/07\/brand-cof.jpg\u00a0\u00bb _builder_version=\u00a0\u00bb4.6.3&Prime; global_colors_info=\u00a0\u00bb{}\u00a0\u00bb]<\/p>\n<p>Avec cette marque, ISA propose \u00e0 tous les clients professionnels une gamme compl\u00e8te et diversifi\u00e9e de vitrines, conservateurs groupe log\u00e9  pour les bars, les glaciers, les p\u00e2tisseries et les restaurants, avec diff\u00e9rents types de r\u00e9frig\u00e9ration, des performances \u00e9lev\u00e9es et un style incomparable.<\/p>\n<p>[\/et_pb_c2i_banner_small_sx][\/et_pb_column][\/et_pb_row][\/et_pb_section][et_pb_section fb_built=\u00a0\u00bb1&Prime; _builder_version=\u00a0\u00bb4.16&Prime; custom_margin=\u00a0\u00bb0px||0px||false|false\u00a0\u00bb custom_padding=\u00a0\u00bb0px||0px||false|false\u00a0\u00bb global_colors_info=\u00a0\u00bb{}\u00a0\u00bb][et_pb_row _builder_version=\u00a0\u00bb4.16&Prime; width=\u00a0\u00bb100%\u00a0\u00bb custom_margin=\u00a0\u00bb0px||0px||false|false\u00a0\u00bb custom_padding=\u00a0\u00bb0px||0px||false|false\u00a0\u00bb global_colors_info=\u00a0\u00bb{}\u00a0\u00bb][et_pb_column type=\u00a0\u00bb4_4&Prime; _builder_version=\u00a0\u00bb4.16&Prime; global_colors_info=\u00a0\u00bb{}\u00a0\u00bb][et_pb_c2i_banner_small titlesection=\u00a0\u00bbEspone, conserva, arreda\u00a0\u00bb title=\u00a0\u00bbABACO\u00a0\u00bb link=\u00a0\u00bbhttps:\/\/abaco.isaitaly.com\/\u00a0\u00bb src=\u00a0\u00bbhttps:\/\/www.isaitaly.com\/wp-content\/uploads\/2020\/07\/brand-abaco.jpg\u00a0\u00bb _builder_version=\u00a0\u00bb4.6.3&Prime; global_colors_info=\u00a0\u00bb{}\u00a0\u00bb]<\/p>\n<p>Il s&rsquo;agit de la marque de la technologie du froid pour les produits semi-finis en acier inoxydable destin\u00e9s sp\u00e9cifiquement \u00e0 l&rsquo;ameublement des bars, des p\u00e2tisseries, des glaciers, des \u00e9piceries fines et des laboratoires, permettant aux concepteurs et aux architectes de concevoir toute solution d&rsquo;am\u00e9nagement en fonction des diff\u00e9rentes exigences.<\/p>\n<p>[\/et_pb_c2i_banner_small][\/et_pb_column][\/et_pb_row][\/et_pb_section][et_pb_section fb_built=\u00a0\u00bb1&Prime; _builder_version=\u00a0\u00bb4.16&Prime; custom_margin=\u00a0\u00bb0px||0px||false|false\u00a0\u00bb custom_padding=\u00a0\u00bb0px||0px||false|false\u00a0\u00bb global_colors_info=\u00a0\u00bb{}\u00a0\u00bb][et_pb_row _builder_version=\u00a0\u00bb4.16&Prime; width=\u00a0\u00bb100%\u00a0\u00bb custom_margin=\u00a0\u00bb0px||0px||false|false\u00a0\u00bb custom_padding=\u00a0\u00bb0px||0px||false|false\u00a0\u00bb global_colors_info=\u00a0\u00bb{}\u00a0\u00bb][et_pb_column type=\u00a0\u00bb4_4&Prime; _builder_version=\u00a0\u00bb4.16&Prime; global_colors_info=\u00a0\u00bb{}\u00a0\u00bb][et_pb_c2i_banner_small_sx titlesection=\u00a0\u00bbMarket\u00a0\u00bb title=\u00a0\u00bbTasselli\u00a0\u00bb link=\u00a0\u00bb\/fr\/banchi-frigo-supermercati\/\u00a0\u00bb src=\u00a0\u00bbhttps:\/\/www.isaitaly.com\/wp-content\/uploads\/2020\/07\/brand-tasselli.jpg\u00a0\u00bb _builder_version=\u00a0\u00bb4.6.3&Prime; global_colors_info=\u00a0\u00bb{}\u00a0\u00bb]<\/p>\n<p>L\u2019azienda da oltre 60 anni arreda supermercati, ipermercati e retail, con molteplici tecnologie del freddo, specifiche per surgelati, formaggi, carni, frutta e verdura.<\/p>\n<p>[\/et_pb_c2i_banner_small_sx][\/et_pb_column][\/et_pb_row][\/et_pb_section]<\/p>\n","protected":false},"excerpt":{"rendered":"<p>[et_pb_c2i_breadcrumbs _builder_version=\u00a0\u00bb3.29.3&Prime; global_colors_info=\u00a0\u00bb{}\u00a0\u00bb][\/et_pb_c2i_breadcrumbs]ISA est n\u00e9e en Ombrie au c\u0153ur de l&rsquo;Italie, lieu incontournable de la mode, du design et du style Depuis 1963, ISA fabrique dans la r\u00e9gion d\u2019OMBRIE et distribue des vitrines r\u00e9frig\u00e9r\u00e9es et du mobilier pour les lieux publics du monde entier. ISA op\u00e8re sur le march\u00e9 sous cinq marques ISA, COF, TASSELLI, [&hellip;]<\/p>\n","protected":false},"author":2,"featured_media":0,"parent":0,"menu_order":102,"comment_status":"closed","ping_status":"closed","template":"","meta":{"_et_pb_use_builder":"on","_et_pb_old_content":"","_et_gb_content_width":"","footnotes":""},"alberomarket":[],"class_list":["post-62972","page","type-page","status-publish","hentry"],"acf":[],"yoast_head":"<!-- This site is optimized with the Yoast SEO plugin v26.8 - https:\/\/yoast.com\/product\/yoast-seo-wordpress\/ -->\n<title>ISA SpA, Qui Sommes Nous | ISA<\/title>\n<meta name=\"description\" content=\"ISA SpA a \u00e9t\u00e9 fond\u00e9e en Ombrie et depuis 1963, elle produit dans sa r\u00e9gion et distribue des vitrines r\u00e9frig\u00e9r\u00e9es et des meubles pour les locaux publics dans le monde entier.\" \/>\n<meta name=\"robots\" content=\"index, follow, max-snippet:-1, max-image-preview:large, max-video-preview:-1\" \/>\n<link rel=\"canonical\" href=\"https:\/\/www.isaitaly.com\/fr\/qui-sommes-nous\/\" \/>\n<meta property=\"og:locale\" content=\"fr_FR\" \/>\n<meta property=\"og:type\" content=\"article\" \/>\n<meta property=\"og:title\" content=\"ISA SpA, Qui Sommes Nous | ISA\" \/>\n<meta property=\"og:description\" content=\"ISA SpA a \u00e9t\u00e9 fond\u00e9e en Ombrie et depuis 1963, elle produit dans sa r\u00e9gion et distribue des vitrines r\u00e9frig\u00e9r\u00e9es et des meubles pour les locaux publics dans le monde entier.\" \/>\n<meta property=\"og:url\" content=\"https:\/\/www.isaitaly.com\/fr\/qui-sommes-nous\/\" \/>\n<meta property=\"og:site_name\" content=\"ISA\" \/>\n<meta property=\"article:modified_time\" content=\"2023-08-22T14:25:28+00:00\" \/>\n<meta name=\"twitter:card\" content=\"summary_large_image\" \/>\n<meta name=\"twitter:label1\" content=\"Dur\u00e9e de lecture estim\u00e9e\" \/>\n\t<meta name=\"twitter:data1\" content=\"7 minutes\" \/>\n<script type=\"application\/ld+json\" class=\"yoast-schema-graph\">{\"@context\":\"https:\/\/schema.org\",\"@graph\":[{\"@type\":\"WebPage\",\"@id\":\"https:\/\/www.isaitaly.com\/fr\/qui-sommes-nous\/\",\"url\":\"https:\/\/www.isaitaly.com\/fr\/qui-sommes-nous\/\",\"name\":\"ISA SpA, Qui Sommes Nous | ISA\",\"isPartOf\":{\"@id\":\"https:\/\/www.isaitaly.com\/it\/#website\"},\"datePublished\":\"2018-11-08T07:52:46+00:00\",\"dateModified\":\"2023-08-22T14:25:28+00:00\",\"description\":\"ISA SpA a \u00e9t\u00e9 fond\u00e9e en Ombrie et depuis 1963, elle produit dans sa r\u00e9gion et distribue des vitrines r\u00e9frig\u00e9r\u00e9es et des meubles pour les locaux publics dans le monde entier.\",\"breadcrumb\":{\"@id\":\"https:\/\/www.isaitaly.com\/fr\/qui-sommes-nous\/#breadcrumb\"},\"inLanguage\":\"fr-FR\",\"potentialAction\":[{\"@type\":\"ReadAction\",\"target\":[\"https:\/\/www.isaitaly.com\/fr\/qui-sommes-nous\/\"]}]},{\"@type\":\"BreadcrumbList\",\"@id\":\"https:\/\/www.isaitaly.com\/fr\/qui-sommes-nous\/#breadcrumb\",\"itemListElement\":[{\"@type\":\"ListItem\",\"position\":1,\"name\":\"Home\",\"item\":\"https:\/\/www.isaitaly.com\/it\/\"},{\"@type\":\"ListItem\",\"position\":2,\"name\":\"Qui sommes-nous?\"}]},{\"@type\":\"WebSite\",\"@id\":\"https:\/\/www.isaitaly.com\/it\/#website\",\"url\":\"https:\/\/www.isaitaly.com\/it\/\",\"name\":\"ISA\",\"description\":\"\",\"potentialAction\":[{\"@type\":\"SearchAction\",\"target\":{\"@type\":\"EntryPoint\",\"urlTemplate\":\"https:\/\/www.isaitaly.com\/it\/?s={search_term_string}\"},\"query-input\":{\"@type\":\"PropertyValueSpecification\",\"valueRequired\":true,\"valueName\":\"search_term_string\"}}],\"inLanguage\":\"fr-FR\"}]}<\/script>\n<!-- \/ Yoast SEO plugin. -->","yoast_head_json":{"title":"ISA SpA, Qui Sommes Nous | ISA","description":"ISA SpA a \u00e9t\u00e9 fond\u00e9e en Ombrie et depuis 1963, elle produit dans sa r\u00e9gion et distribue des vitrines r\u00e9frig\u00e9r\u00e9es et des meubles pour les locaux publics dans le monde entier.","robots":{"index":"index","follow":"follow","max-snippet":"max-snippet:-1","max-image-preview":"max-image-preview:large","max-video-preview":"max-video-preview:-1"},"canonical":"https:\/\/www.isaitaly.com\/fr\/qui-sommes-nous\/","og_locale":"fr_FR","og_type":"article","og_title":"ISA SpA, Qui Sommes Nous | ISA","og_description":"ISA SpA a \u00e9t\u00e9 fond\u00e9e en Ombrie et depuis 1963, elle produit dans sa r\u00e9gion et distribue des vitrines r\u00e9frig\u00e9r\u00e9es et des meubles pour les locaux publics dans le monde entier.","og_url":"https:\/\/www.isaitaly.com\/fr\/qui-sommes-nous\/","og_site_name":"ISA","article_modified_time":"2023-08-22T14:25:28+00:00","twitter_card":"summary_large_image","twitter_misc":{"Dur\u00e9e de lecture estim\u00e9e":"7 minutes"},"schema":{"@context":"https:\/\/schema.org","@graph":[{"@type":"WebPage","@id":"https:\/\/www.isaitaly.com\/fr\/qui-sommes-nous\/","url":"https:\/\/www.isaitaly.com\/fr\/qui-sommes-nous\/","name":"ISA SpA, Qui Sommes Nous | ISA","isPartOf":{"@id":"https:\/\/www.isaitaly.com\/it\/#website"},"datePublished":"2018-11-08T07:52:46+00:00","dateModified":"2023-08-22T14:25:28+00:00","description":"ISA SpA a \u00e9t\u00e9 fond\u00e9e en Ombrie et depuis 1963, elle produit dans sa r\u00e9gion et distribue des vitrines r\u00e9frig\u00e9r\u00e9es et des meubles pour les locaux publics dans le monde entier.","breadcrumb":{"@id":"https:\/\/www.isaitaly.com\/fr\/qui-sommes-nous\/#breadcrumb"},"inLanguage":"fr-FR","potentialAction":[{"@type":"ReadAction","target":["https:\/\/www.isaitaly.com\/fr\/qui-sommes-nous\/"]}]},{"@type":"BreadcrumbList","@id":"https:\/\/www.isaitaly.com\/fr\/qui-sommes-nous\/#breadcrumb","itemListElement":[{"@type":"ListItem","position":1,"name":"Home","item":"https:\/\/www.isaitaly.com\/it\/"},{"@type":"ListItem","position":2,"name":"Qui sommes-nous?"}]},{"@type":"WebSite","@id":"https:\/\/www.isaitaly.com\/it\/#website","url":"https:\/\/www.isaitaly.com\/it\/","name":"ISA","description":"","potentialAction":[{"@type":"SearchAction","target":{"@type":"EntryPoint","urlTemplate":"https:\/\/www.isaitaly.com\/it\/?s={search_term_string}"},"query-input":{"@type":"PropertyValueSpecification","valueRequired":true,"valueName":"search_term_string"}}],"inLanguage":"fr-FR"}]}},"_links":{"self":[{"href":"https:\/\/www.isaitaly.com\/fr\/wp-json\/wp\/v2\/pages\/62972","targetHints":{"allow":["GET"]}}],"collection":[{"href":"https:\/\/www.isaitaly.com\/fr\/wp-json\/wp\/v2\/pages"}],"about":[{"href":"https:\/\/www.isaitaly.com\/fr\/wp-json\/wp\/v2\/types\/page"}],"author":[{"embeddable":true,"href":"https:\/\/www.isaitaly.com\/fr\/wp-json\/wp\/v2\/users\/2"}],"replies":[{"embeddable":true,"href":"https:\/\/www.isaitaly.com\/fr\/wp-json\/wp\/v2\/comments?post=62972"}],"version-history":[{"count":8,"href":"https:\/\/www.isaitaly.com\/fr\/wp-json\/wp\/v2\/pages\/62972\/revisions"}],"predecessor-version":[{"id":105163,"href":"https:\/\/www.isaitaly.com\/fr\/wp-json\/wp\/v2\/pages\/62972\/revisions\/105163"}],"wp:attachment":[{"href":"https:\/\/www.isaitaly.com\/fr\/wp-json\/wp\/v2\/media?parent=62972"}],"wp:term":[{"taxonomy":"alberomarket","embeddable":true,"href":"https:\/\/www.isaitaly.com\/fr\/wp-json\/wp\/v2\/alberomarket?post=62972"}],"curies":[{"name":"wp","href":"https:\/\/api.w.org\/{rel}","templated":true}]}}